{"id":22,"date":"2023-01-19T14:28:09","date_gmt":"2023-01-19T13:28:09","guid":{"rendered":"http:\/\/wordpress2213679.home.pl\/gops1\/?page_id=22"},"modified":"2023-01-19T14:28:09","modified_gmt":"2023-01-19T13:28:09","slug":"swiadczenia-rodzinne","status":"publish","type":"page","link":"https:\/\/gops.bejsce.eu\/gops\/?page_id=22","title":{"rendered":"\u015awiadczenia rodzinne"},"content":{"rendered":"<h4 style=\"text-align: center;\"><strong>\u015aWIADCZENIA RODZINNE<\/strong><\/h4>\n<h4 style=\"text-align: center;\"><strong>\u00a0<\/strong><strong>zgodnie z ustaw\u0105 o \u015bwiadczeniach rodzinnych z dnia 28 listopada 2003r.<\/strong><strong style=\"font-size: inherit;\">(Dz.U. z 2020r. poz. 111)<\/strong><\/h4>\n<h4 style=\"text-align: justify;\"><strong>\u00a0<\/strong><\/h4>\n<h4 style=\"text-align: justify;\"><strong>\u00a0<\/strong><strong>\u015awiadczenia rodzinne przys\u0142uguj\u0105: <\/strong><\/h4>\n<h4 style=\"text-align: justify;\"><strong>\u00a0<\/strong>1) obywatelom polskim;<\/h4>\n<h4 style=\"text-align: justify;\">2) cudzoziemcom:<\/h4>\n<h4>a) do kt\u00f3rych stosuje si\u0119 przepisy o koordynacji system\u00f3w zabezpieczenia spo\u0142ecznego,<\/h4>\n<h4>b) je\u017celi wynika to z wi\u0105\u017c\u0105cych Rzeczpospolit\u0105 Polsk\u0105 um\u00f3w dwustronnych o zabezpieczeniu spo\u0142ecznym,<\/h4>\n<h4>c) przebywaj\u0105cym na terytorium Rzeczypospolitej Polskiej na podstawie zezwolenia na pobyt sta\u0142y, zezwolenia na pobyt rezydenta d\u0142ugoterminowego Unii Europejskiej, zezwolenia na pobyt czasowy udzielonego w zwi\u0105zku z okoliczno\u015bciami, o kt\u00f3rych mowa w art. 127 lub art. 186 ust. 1 pkt 3 ustawy z dnia 12 grudnia 2013 r. o cudzoziemcach (Dz. U. z 2018 r. poz. 2094 i 2399 oraz z 2019 r. poz. 577 i 622), lub w zwi\u0105zku z uzyskaniem w Rzeczypospolitej Polskiej statusu uchod\u017acy lub ochrony uzupe\u0142niaj\u0105cej, je\u017celi zamieszkuj\u0105 z cz\u0142onkami rodzin na terytorium Rzeczypospolitej Polskiej,<\/h4>\n<h4>d) posiadaj\u0105cym kart\u0119 pobytu z adnotacj\u0105 \u201edost\u0119p do rynku pracy\u201d, z wy\u0142\u0105czeniem obywateli pa\u0144stw trzecich, kt\u00f3rzy uzyskali zezwolenie na prac\u0119 na terytorium pa\u0144stwa cz\u0142onkowskiego na okres nieprzekraczaj\u0105cy 6 miesi\u0119cy, obywateli pa\u0144stw trzecich przyj\u0119tych w celu podj\u0119cia studi\u00f3w lub pracy sezonowej oraz obywateli pa\u0144stw trzecich, kt\u00f3rzy maj\u0105 prawo do wykonywania pracy na podstawie wizy,<\/h4>\n<h4>e) przebywaj\u0105cym na terytorium Rzeczypospolitej Polskiej:<\/h4>\n<h4 style=\"text-align: justify;\">\u2013 na podstawie zezwolenia na pobyt czasowy, o kt\u00f3rym mowa w art. 139a ust. 1 lub art. 139o ust. 1 ustawy z dnia 12 grudnia 2013 r. o cudzoziemcach, lub<\/h4>\n<h4 style=\"text-align: justify;\">\u2013 w zwi\u0105zku z korzystaniem z mobilno\u015bci kr\u00f3tkoterminowej pracownika kadry kierowniczej, specjalisty lub pracownika odbywaj\u0105cego sta\u017c w ramach przeniesienia wewn\u0105trz przedsi\u0119biorstwa na warunkach okre\u015blonych w art. 139n ust. 1 ustawy z dnia 12 grudnia 2013 r. o cudzoziemcach<\/h4>\n<h4 style=\"text-align: justify;\">\u2013 je\u017celi zamieszkuj\u0105 na terytorium Rzeczypospolitej Polskiej z cz\u0142onkami rodzin, z wy\u0142\u0105czeniem cudzoziemc\u00f3w, kt\u00f3rym zezwolono na pobyt i prac\u0119 na okres nieprzekraczaj\u0105cy 9 miesi\u0119cy, chyba \u017ce przepisy o koordynacji system\u00f3w zabezpieczenia spo\u0142ecznego lub dwustronne umowy mi\u0119dzynarodowe o zabezpieczeniu spo\u0142ecznym stanowi\u0105 inaczej,<\/h4>\n<h4>f) przebywaj\u0105cym na terytorium Rzeczypospolitej Polskiej:<\/h4>\n<h4 style=\"text-align: justify;\">\u2013 na podstawie zezwolenia na pobyt czasowy, o kt\u00f3rym mowa w art. 151 lub art. 151b ustawy z dnia 12 grudnia 2013 r. o cudzoziemcach,<\/h4>\n<h4 style=\"text-align: justify;\">\u2013 na podstawie wizy krajowej w celu prowadzenia bada\u0144 naukowych lub prac rozwojowych,<\/h4>\n<h4 style=\"text-align: justify;\">\u2212 w zwi\u0105zku z korzystaniem z mobilno\u015bci kr\u00f3tkoterminowej naukowca na warunkach okre\u015blonych w art. 156b ust. 1 ustawy z dnia 12 grudnia 2013 r. o cudzoziemcach<\/h4>\n<h4 style=\"text-align: justify;\">\u2212 z wy\u0142\u0105czeniem cudzoziemc\u00f3w, kt\u00f3rym zezwolono na pobyt na terytorium Rzeczypospolitej Polskiej na okres nieprzekraczaj\u0105cy 6 miesi\u0119cy, chyba \u017ce przepisy o koordynacji system\u00f3w zabezpieczenia spo\u0142ecznego lub dwustronne umowy mi\u0119dzynarodowe o zabezpieczeniu spo\u0142ecznym stanowi\u0105 inaczej.<\/h4>\n<h4 style=\"text-align: justify;\">\u015awiadczenia rodzinne przys\u0142uguj\u0105 osobom, o kt\u00f3rych mowa w ust. 2, je\u017celi zamieszkuj\u0105 na terytorium Rzeczypospolitej Polskiej przez okres zasi\u0142kowy, w kt\u00f3rym otrzymuj\u0105 \u015bwiadczenia rodzinne, chyba \u017ce przepisy o koordynacji system\u00f3w zabezpieczenia spo\u0142ecznego lub dwustronne umowy mi\u0119dzynarodowe o zabezpieczeniu spo\u0142ecznym stanowi\u0105 inaczej.<\/h4>\n<h4 style=\"text-align: justify;\"><strong>\u00a0<\/strong><strong>\u015awiadczeniami rodzinnymi s\u0105: <\/strong><\/h4>\n<h4 style=\"text-align: justify;\">1) zasi\u0142ek rodzinny oraz dodatki do zasi\u0142ku rodzinnego;<\/h4>\n<h4 style=\"text-align: justify;\">2) \u015bwiadczenia opieku\u0144cze: zasi\u0142ek piel\u0119gnacyjny, specjalny zasi\u0142ek opieku\u0144czy oraz \u015bwiadczenie piel\u0119gnacyjne;<\/h4>\n<h4 style=\"text-align: justify;\">3) zapomoga wyp\u0142acana przez gminy, na podstawie art. 22a;<\/h4>\n<h4 style=\"text-align: justify;\">3a) \u015bwiadczenia wyp\u0142acane przez gminy na podstawie art. 22b;<\/h4>\n<h4 style=\"text-align: justify;\">4) jednorazowa zapomoga z tytu\u0142u urodzenia si\u0119 dziecka;<\/h4>\n<h4 style=\"text-align: left;\">5) \u015bwiadczenie_rodzicielskie.<\/h4>\n<h4 style=\"text-align: center;\"><strong><u>ZASI\u0141EK RODZINNY I DODATKI DO ZASI\u0141KU RODZINNEGO<\/u><\/strong><\/h4>\n<h4 style=\"text-align: center;\"><strong><u>Prawo do zasi\u0142ku rodzinnego i dodatk\u00f3w do tego zasi\u0142ku przys\u0142uguje: <\/u><\/strong><\/h4>\n<h4 style=\"text-align: justify;\">1) rodzicom, jednemu z rodzic\u00f3w albo opiekunowi prawnemu dziecka;<\/h4>\n<h4 style=\"text-align: justify;\">2) opiekunowi faktycznemu dziecka;<\/h4>\n<h4 style=\"text-align: justify;\">3) osobie ucz\u0105cej si\u0119.<\/h4>\n<h4 style=\"text-align: justify;\">Zasi\u0142ek rodzinny przys\u0142uguje osobom, o kt\u00f3rych mowa w art. 4 ust. 2, je\u017celi doch\u00f3d rodziny w przeliczeniu na osob\u0119 albo doch\u00f3d osoby ucz\u0105cej si\u0119 nie przekracza kwoty <strong>674,00 z\u0142. <\/strong><\/h4>\n<h4 style=\"text-align: justify;\">W przypadku gdy cz\u0142onkiem rodziny jest dziecko legitymuj\u0105ce si\u0119 orzeczeniem o niepe\u0142nosprawno\u015bci lub orzeczeniem o umiarkowanym albo o znacznym stopniu niepe\u0142nosprawno\u015bci, zasi\u0142ek rodzinny przys\u0142uguje, je\u017celi doch\u00f3d rodziny w przeliczeniu na osob\u0119 albo doch\u00f3d osoby ucz\u0105cej si\u0119 nie przekracza kwoty <strong>764,00 z\u0142.<\/strong><\/h4>\n<h4 style=\"text-align: justify;\"><strong>Zasi\u0142ek rodzinny przys\u0142uguje osobom, o kt\u00f3rych mowa w art. 4 ust. 2 pkt 1 i 2, do uko\u0144czenia przez dziecko: <\/strong><\/h4>\n<h4 style=\"text-align: justify;\"><strong>\u00a0<\/strong>1) 18. roku \u017cycia lub<\/h4>\n<h4 style=\"text-align: justify;\">2) nauki w szkole, jednak nie d\u0142u\u017cej ni\u017c do uko\u0144czenia 21. roku \u017cycia, albo<\/h4>\n<h4 style=\"text-align: justify;\">3) 24. roku \u017cycia, je\u017celi kontynuuje nauk\u0119 w szkole lub w szkole wy\u017cszej i legitymuje si\u0119 orzeczeniem o umiarkowanym albo znacznym stopniu niepe\u0142nosprawno\u015bci.<\/h4>\n<h4 style=\"text-align: justify;\">1a. Zasi\u0142ek rodzinny przys\u0142uguje osobie ucz\u0105cej si\u0119 w szkole lub w szkole wy\u017cszej, jednak nie d\u0142u\u017cej ni\u017c do uko\u0144czenia 24. roku \u017cycia.<\/h4>\n<h4 style=\"text-align: justify;\"><strong>Wysoko\u015b\u0107 zasi\u0142ku rodzinnego wynosi miesi\u0119cznie: <\/strong><\/h4>\n<h4 style=\"text-align: justify;\">1) <strong>95,00 z\u0142<\/strong> na dziecko w wieku do uko\u0144czenia 5. roku \u017cycia;<\/h4>\n<h4 style=\"text-align: justify;\">2) <strong>124,00 z\u0142<\/strong> na dziecko w wieku powy\u017cej 5. roku \u017cycia do uko\u0144czenia 18. roku \u017cycia;<\/h4>\n<h4 style=\"text-align: justify;\">3) <strong>135,00 z\u0142<\/strong> na dziecko w wieku powy\u017cej 18. roku \u017cycia do uko\u0144czenia 24. roku \u017cycia.<\/h4>\n<h4 style=\"text-align: justify;\"><strong>Zasi\u0142ek rodzinny nie przys\u0142uguje, je\u017celi: <\/strong><\/h4>\n<h4 style=\"text-align: justify;\">1) dziecko lub osoba ucz\u0105ca si\u0119 pozostaj\u0105 w zwi\u0105zku ma\u0142\u017ce\u0144skim;<\/h4>\n<h4 style=\"text-align: justify;\">2) dziecko zosta\u0142o umieszczone w instytucji zapewniaj\u0105cej ca\u0142odobowe utrzymanie albo w pieczy zast\u0119pczej;<\/h4>\n<h4 style=\"text-align: justify;\">3) osoba ucz\u0105ca si\u0119 zosta\u0142a umieszczona w instytucji zapewniaj\u0105cej ca\u0142odobowe utrzymanie;<\/h4>\n<h4 style=\"text-align: justify;\">4) pe\u0142noletnie dziecko lub osoba ucz\u0105ca si\u0119 jest uprawniona do zasi\u0142ku rodzinnego na w\u0142asne dziecko;<\/h4>\n<h4 style=\"text-align: justify;\">5) osobie samotnie wychowuj\u0105cej dziecko nie zosta\u0142o ustalone, na rzecz dziecka od jego rodzica, \u015bwiadczenie alimentacyjne na podstawie tytu\u0142u wykonawczego pochodz\u0105cego lub zatwierdzonego przez s\u0105d, chyba \u017ce:<\/h4>\n<h4>a) rodzice lub jedno z rodzic\u00f3w dziecka nie \u017cyje,<\/h4>\n<h4>b) ojciec dziecka jest nieznany,<\/h4>\n<h4>c) pow\u00f3dztwo o ustalenie \u015bwiadczenia alimentacyjnego od drugiego z rodzic\u00f3w zosta\u0142o oddalone,<\/h4>\n<h4>d) s\u0105d zobowi\u0105za\u0142 jednego z rodzic\u00f3w do ponoszenia ca\u0142kowitych koszt\u00f3w utrzymania dziecka i nie zobowi\u0105za\u0142 drugiego z rodzic\u00f3w do \u015bwiadczenia alimentacyjnego na rzecz tego dziecka,<\/h4>\n<h4>e) dziecko, zgodnie z orzeczeniem s\u0105du, jest pod opiek\u0105 naprzemienn\u0105 obojga rodzic\u00f3w sprawowan\u0105 w por\u00f3wnywalnych i powtarzaj\u0105cych si\u0119 okresach;<\/h4>\n<h4 style=\"text-align: justify;\">6) cz\u0142onkowi rodziny przys\u0142uguje na dziecko zasi\u0142ek rodzinny za granic\u0105, chyba \u017ce przepisy o koordynacji system\u00f3w zabezpieczenia spo\u0142ecznego lub dwustronne umowy o zabezpieczeniu spo\u0142ecznym stanowi\u0105 inaczej.<\/h4>\n<h4><\/h4>\n<h4 style=\"text-align: justify;\"><strong>Do zasi\u0142ku rodzinnego przys\u0142uguj\u0105 dodatki z tytu\u0142u: <\/strong><\/h4>\n<h4 style=\"text-align: justify;\">1) urodzenia dziecka;<\/h4>\n<h4 style=\"text-align: justify;\">2) opieki nad dzieckiem w okresie korzystania z urlopu wychowawczego;<\/h4>\n<h4 style=\"text-align: justify;\">3) (utraci\u0142 moc)<\/h4>\n<h4 style=\"text-align: justify;\">3a) samotnego wychowywania dziecka;<\/h4>\n<h4 style=\"text-align: justify;\">4) (utraci\u0142 moc)<\/h4>\n<h4 style=\"text-align: justify;\">4a) wychowywania dziecka w rodzinie wielodzietnej;<\/h4>\n<h4 style=\"text-align: justify;\">5) kszta\u0142cenia i rehabilitacji dziecka niepe\u0142nosprawnego;<\/h4>\n<h4 style=\"text-align: justify;\">6) rozpocz\u0119cia roku szkolnego;<\/h4>\n<h4 style=\"text-align: justify;\">7) podj\u0119cia przez dziecko nauki w szkole poza miejscem zamieszkania.<\/h4>\n<h4 style=\"text-align: justify;\"><strong><u>Dodatek z tytu\u0142u urodzenia dziecka<\/u><\/strong> przys\u0142uguje matce lub ojcu albo opiekunowi prawnemu dziecka.<\/h4>\n<ol style=\"text-align: justify;\" start=\"2\">\n<li>\n<h4>Dodatek przys\u0142uguje opiekunowi faktycznemu dziecka w wieku do uko\u0144czenia przez dziecko pierwszego roku \u017cycia, je\u017celi nie zosta\u0142 przyznany rodzicom lub opiekunowi prawnemu dziecka.<\/h4>\n<\/li>\n<li>\n<h4>Dodatek przys\u0142uguje jednorazowo, <strong>w wysoko\u015bci 1 000,00 z\u0142. <\/strong><\/h4>\n<\/li>\n<li>\n<h4>W przypadku wyst\u0105pienia o przysposobienie wi\u0119cej ni\u017c jednego dziecka lub urodzenia wi\u0119cej ni\u017c jednego dziecka podczas jednego porodu dodatek przys\u0142uguje na ka\u017cde dziecko.<\/h4>\n<\/li>\n<li>\n<h4>(uchylony)<\/h4>\n<\/li>\n<li>\n<h4>Dodatek, o kt\u00f3rym mowa w ust. 1, przys\u0142uguje, je\u017celi kobieta pozostawa\u0142a pod opiek\u0105 medyczn\u0105 nie p\u00f3\u017aniej ni\u017c od 10 tygodnia ci\u0105\u017cy do porodu.<\/h4>\n<\/li>\n<li>\n<h4>Pozostawanie pod opiek\u0105 medyczn\u0105 potwierdza si\u0119 za\u015bwiadczeniem lekarskim lub za\u015bwiadczeniem wystawionym przez po\u0142o\u017cn\u0105.<\/h4>\n<\/li>\n<\/ol>\n<h4 style=\"text-align: justify;\"><strong>\u00a0<\/strong><\/h4>\n<h4 style=\"text-align: justify;\"><strong>Dodatek z tytu\u0142u opieki nad dzieckiem w okresie korzystania z urlopu wychowawczego<\/strong> przys\u0142uguje matce lub ojcu, opiekunowi faktycznemu dziecka albo opiekunowi prawnemu dziecka, je\u017celi dziecko pozostaje pod jego faktyczn\u0105 opiek\u0105, uprawnionemu do urlopu wychowawczego, nie d\u0142u\u017cej jednak ni\u017c przez okres:<\/h4>\n<h4 style=\"text-align: justify;\">1) 24 miesi\u0119cy kalendarzowych;<\/h4>\n<h4 style=\"text-align: justify;\">2) 36 miesi\u0119cy kalendarzowych, je\u017celi sprawuje opiek\u0119 nad wi\u0119cej ni\u017c jednym dzieckiem urodzonym podczas jednego porodu;<\/h4>\n<h4 style=\"text-align: justify;\">3) 72 miesi\u0119cy kalendarzowych, je\u017celi sprawuje opiek\u0119 nad dzieckiem legitymuj\u0105cym si\u0119 orzeczeniem o niepe\u0142nosprawno\u015bci albo o znacznym stopniu niepe\u0142nosprawno\u015bci.<\/h4>\n<ol style=\"text-align: justify;\" start=\"2\">\n<li>\n<h4>Osobie, o kt\u00f3rej mowa w ust. 1, przys\u0142uguje jeden dodatek <strong>w wysoko\u015bci 400,00 z\u0142<\/strong> miesi\u0119cznie niezale\u017cnie od liczby dzieci pozostaj\u0105cych pod jej opiek\u0105.<\/h4>\n<\/li>\n<li>\n<h4>Kwot\u0119 dodatku przys\u0142uguj\u0105c\u0105 za niepe\u0142ny miesi\u0105c ustala si\u0119, dziel\u0105c kwot\u0119 \u015bwiadczenia przez liczb\u0119 wszystkich dni kalendarzowych w tym miesi\u0105cu, a otrzyman\u0105 kwot\u0119 mno\u017cy si\u0119 przez liczb\u0119 dni kalendarzowych, za kt\u00f3re \u015bwiadczenie przys\u0142uguje. Kwot\u0119 \u015bwiadczenia przys\u0142uguj\u0105c\u0105 za niepe\u0142ny miesi\u0105c zaokr\u0105gla si\u0119 do 10 groszy w g\u00f3r\u0119.<\/h4>\n<\/li>\n<li>\n<h4>W przypadku r\u00f3wnoczesnego korzystania z urlopu wychowawczego przez oboje rodzic\u00f3w lub opiekun\u00f3w prawnych dziecka przys\u0142uguje jeden dodatek.<\/h4>\n<\/li>\n<li>\n<h4>Dodatek nie przys\u0142uguje osobie, o kt\u00f3rej mowa w ust. 1, je\u017celi:<\/h4>\n<\/li>\n<\/ol>\n<h4 style=\"text-align: justify;\">1) (uchylony)<\/h4>\n<h4 style=\"text-align: justify;\">2) bezpo\u015brednio przed uzyskaniem prawa do urlopu wychowawczego pozostawa\u0142a w stosunku pracy przez okres kr\u00f3tszy ni\u017c 6 miesi\u0119cy;<\/h4>\n<h4 style=\"text-align: justify;\">3) podj\u0119\u0142a lub kontynuuje zatrudnienie lub inn\u0105 prac\u0119 zarobkow\u0105, kt\u00f3ra uniemo\u017cliwia sprawowanie osobistej opieki nad dzieckiem w okresie korzystania z urlopu wychowawczego;<\/h4>\n<h4 style=\"text-align: justify;\">4) dziecko zosta\u0142o umieszczone w plac\u00f3wce zapewniaj\u0105cej ca\u0142odobow\u0105 opiek\u0119, w tym w specjalnym o\u015brodku szkolno-wychowawczym, z wyj\u0105tkiem podmiotu wykonuj\u0105cego dzia\u0142alno\u015b\u0107 lecznicz\u0105, i korzysta w niej z ca\u0142odobowej opieki przez wi\u0119cej ni\u017c 5 dni w tygodniu, oraz w innych przypadkach zaprzestania sprawowania osobistej opieki nad dzieckiem;<\/h4>\n<h4 style=\"text-align: justify;\">5) w okresie urlopu wychowawczego korzysta z zasi\u0142ku macierzy\u0144skiego;<\/h4>\n<h4 style=\"text-align: justify;\">6) korzysta ze \u015bwiadczenia rodzicielskiego.<\/h4>\n<h4 style=\"text-align: justify;\"><strong>Dodatek z tytu\u0142u samotnego wychowywania dziecka<\/strong> przys\u0142uguje samotnie wychowuj\u0105cym dziecko matce lub ojcu, opiekunowi faktycznemu dziecka albo opiekunowi prawnemu dziecka, je\u017celi nie zosta\u0142o zas\u0105dzone \u015bwiadczenie alimentacyjne na rzecz dziecka od drugiego z rodzic\u00f3w dziecka, poniewa\u017c:<\/h4>\n<h4 style=\"text-align: justify;\">1) drugi z rodzic\u00f3w dziecka nie \u017cyje;<\/h4>\n<h4 style=\"text-align: justify;\">2) ojciec dziecka jest nieznany;<\/h4>\n<h4 style=\"text-align: justify;\">3) pow\u00f3dztwo o ustalenie \u015bwiadczenia alimentacyjnego od drugiego z rodzic\u00f3w zosta\u0142o oddalone.<\/h4>\n<ol style=\"text-align: justify;\" start=\"2\">\n<li>\n<h4>Dodatek przys\u0142uguje r\u00f3wnie\u017c osobie ucz\u0105cej si\u0119, je\u017celi oboje rodzice osoby ucz\u0105cej si\u0119 nie \u017cyj\u0105.<\/h4>\n<\/li>\n<li>\n<h4>Dodatek przys\u0142uguje w <strong>wysoko\u015bci 193,00 z\u0142 <\/strong>miesi\u0119cznie na dziecko, nie wi\u0119cej jednak ni\u017c <strong>386,00 z\u0142 <\/strong>na wszystkie dzieci.<\/h4>\n<\/li>\n<li>\n<h4>W przypadku dziecka legitymuj\u0105cego si\u0119 orzeczeniem o niepe\u0142nosprawno\u015bci lub orzeczeniem o znacznym stopniu niepe\u0142nosprawno\u015bci kwot\u0119 dodatku zwi\u0119ksza si\u0119 o <strong>80,00 z\u0142<\/strong> na dziecko, nie wi\u0119cej jednak ni\u017c o <strong>160,00 z\u0142 <\/strong>na wszystkie dzieci.<\/h4>\n<\/li>\n<\/ol>\n<h4 style=\"text-align: justify;\"><\/h4>\n<h4 style=\"text-align: justify;\"><strong>Dodatek z tytu\u0142u wychowywania dziecka w rodzinie wielodzietnej<\/strong> przys\u0142uguje matce lub ojcu, opiekunowi faktycznemu dziecka albo opiekunowi prawnemu dziecka.<\/h4>\n<ol style=\"text-align: justify;\" start=\"2\">\n<li>\n<h4>Dodatek przys\u0142uguje w wysoko\u015bci <strong>95,00 z\u0142<\/strong> miesi\u0119cznie na trzecie i na nast\u0119pne dzieci uprawnione do zasi\u0142ku rodzinnego.<\/h4>\n<\/li>\n<\/ol>\n<h4 style=\"text-align: justify;\"><strong>Dodatek z tytu\u0142u kszta\u0142cenia i rehabilitacji dziecka<\/strong> przys\u0142uguje matce lub ojcu, opiekunowi faktycznemu dziecka albo opiekunowi prawnemu dziecka, a tak\u017ce osobie ucz\u0105cej si\u0119 na pokrycie zwi\u0119kszonych wydatk\u00f3w zwi\u0105zanych z reha-bilitacj\u0105 lub kszta\u0142ceniem dziecka w wieku:<\/h4>\n<h4 style=\"text-align: justify;\">1) do uko\u0144czenia 16. roku \u017cycia, je\u017celi legitymuje si\u0119 orzeczeniem o niepe\u0142nosprawno\u015bci;<\/h4>\n<h4 style=\"text-align: justify;\">2) powy\u017cej 16. roku \u017cycia do uko\u0144czenia 24. roku \u017cycia, je\u017celi legitymuje si\u0119 orzeczeniem o umiarkowanym albo o znacznym stopniu niepe\u0142nosprawno\u015bci.<\/h4>\n<ol style=\"text-align: justify;\" start=\"2\">\n<li>\n<h4>Dodatek przys\u0142uguje miesi\u0119cznie w wysoko\u015bci:<\/h4>\n<\/li>\n<\/ol>\n<h4 style=\"text-align: justify;\">1) <strong>90,00 z\u0142<\/strong> na dziecko w wieku do uko\u0144czenia 5. roku \u017cycia;<\/h4>\n<h4 style=\"text-align: justify;\">2) <strong>110,00 z\u0142<\/strong> na dziecko w wieku powy\u017cej 5. roku \u017cycia do uko\u0144czenia 24. roku \u017cycia.<\/h4>\n<h4 style=\"text-align: justify;\"><\/h4>\n<h4 style=\"text-align: justify;\"><strong>Dodatek z tytu\u0142u rozpocz\u0119cia roku szkolnego <\/strong>przys\u0142uguje matce lub ojcu, opiekunowi faktycznemu dziecka albo opiekunowi prawnemu dziecka, a tak\u017ce osobie ucz\u0105cej si\u0119 na cz\u0119\u015bciowe pokrycie wydatk\u00f3w zwi\u0105zanych z rozpocz\u0119ciem w szkole nowego roku szkolnego.<\/h4>\n<h4 style=\"text-align: justify;\">1a. Dodatek przys\u0142uguje r\u00f3wnie\u017c na dziecko rozpoczynaj\u0105ce roczne przygotowanie przedszkolne.<\/h4>\n<ol style=\"text-align: justify;\" start=\"2\">\n<li>\n<h4>Dodatek przys\u0142uguje raz w roku, w zwi\u0105zku z rozpocz\u0119ciem roku szkolnego albo rocznego przygotowania przedszkolnego, w wysoko\u015bci <strong>100,00 z\u0142 na dziecko.<\/strong><\/h4>\n<\/li>\n<li>\n<h4>Wniosek o wyp\u0142at\u0119 dodatku sk\u0142ada si\u0119 do dnia zako\u0144czenia okresu zasi\u0142kowego, w kt\u00f3rym rozpocz\u0119to rok szkolny albo roczne przygotowanie przedszkolne.<\/h4>\n<\/li>\n<\/ol>\n<h4 style=\"text-align: justify;\">Wniosek z\u0142o\u017cony po terminie organ w\u0142a\u015bciwy pozostawia bez rozpoznania.<\/h4>\n<h4 style=\"text-align: justify;\"><\/h4>\n<h4 style=\"text-align: justify;\"><strong>Dodatek z tytu\u0142u podj\u0119cia przez dziecko nauki w szkole poza miejscem zamieszkania<\/strong> przys\u0142uguje matce lub ojcu dziecka, opiekunowi prawnemu albo opiekunowi faktycznemu dziecka lub osobie ucz\u0105cej si\u0119:<\/h4>\n<h4 style=\"text-align: justify;\">1) w zwi\u0105zku z zamieszkiwaniem w miejscowo\u015bci, w kt\u00f3rej znajduje si\u0119 siedziba szko\u0142y ponadpodstawowej lub szko\u0142y artystycznej, w kt\u00f3rej realizowany jest obowi\u0105zek szkolny i obowi\u0105zek nauki, a tak\u017ce szko\u0142y podstawowej w przypadku dziecka lub osoby ucz\u0105cej si\u0119, legitymuj\u0105cej si\u0119 orzeczeniem o niepe\u0142nosprawno\u015bci lub o stopniu niepe\u0142nosprawno\u015bci \u2013 w wysoko\u015bci <strong>113,00 z\u0142<\/strong> miesi\u0119cznie na dziecko albo<\/h4>\n<h4 style=\"text-align: justify;\">2) w zwi\u0105zku z dojazdem z miejsca zamieszkania do miejscowo\u015bci, w kt\u00f3rej znajduje si\u0119 siedziba szko\u0142y, w przypadku dojazdu do szko\u0142y ponadpodstawowej, a tak\u017ce szko\u0142y artystycznej, w kt\u00f3rej realizowany jest obowi\u0105zek szkolny i obowi\u0105zek nauki w zakresie odpowiadaj\u0105cym nauce w szkole ponadpodstawowej \u2013 w wysoko\u015bci <strong>90,00 z\u0142 <\/strong>miesi\u0119cznie na dziecko.<\/h4>\n<ol style=\"text-align: justify;\" start=\"2\">\n<li>\n<h4>Dodatek przys\u0142uguje przez 10 miesi\u0119cy w roku w okresie pobierania nauki od wrze\u015bnia do czerwca nast\u0119pnego roku kalendarzowego.<\/h4>\n<\/li>\n<\/ol>\n<h4 style=\"text-align: justify;\"><\/h4>\n<h4 style=\"text-align: center;\"><strong><u>ZASI\u0141EK PIEL\u0118GNACYJNY<\/u><\/strong><\/h4>\n<h4 style=\"text-align: justify;\">Zasi\u0142ek piel\u0119gnacyjny przyznaje si\u0119 w celu cz\u0119\u015bciowego pokrycia wydatk\u00f3w wynikaj\u0105cych z konieczno\u015bci zapewnienia opieki i pomocy innej osoby w zwi\u0105zku z niezdolno\u015bci\u0105 do samodzielnej egzystencji.<\/h4>\n<h4>Zasi\u0142ek piel\u0119gnacyjny przys\u0142uguje:<\/h4>\n<h4 style=\"text-align: justify;\">1) niepe\u0142nosprawnemu dziecku;<\/h4>\n<h4 style=\"text-align: justify;\">2) osobie niepe\u0142nosprawnej w wieku powy\u017cej 16. roku \u017cycia, je\u017celi legitymuje si\u0119 orzeczeniem o znacznym stopniu niepe\u0142nosprawno\u015bci;<\/h4>\n<h4 style=\"text-align: justify;\">3) osobie, kt\u00f3ra uko\u0144czy\u0142a 75 lat.<\/h4>\n<ol style=\"text-align: justify;\" start=\"3\">\n<li>\n<h4>Zasi\u0142ek piel\u0119gnacyjny przys\u0142uguje tak\u017ce osobie niepe\u0142nosprawnej w wieku powy\u017cej 16. roku \u017cycia legitymuj\u0105cej si\u0119 orzeczeniem o umiarkowanym stopniu niepe\u0142nosprawno\u015bci, je\u017celi niepe\u0142nosprawno\u015b\u0107 powsta\u0142a w wieku do uko\u0144czenia 21. roku \u017cycia.<\/h4>\n<\/li>\n<li>\n<h4>Zasi\u0142ek piel\u0119gnacyjny przys\u0142uguje w wysoko\u015bci <strong>215,84 zl miesi\u0119cznie. <\/strong>(od 01.11.2019r.)<\/h4>\n<\/li>\n<\/ol>\n<h4 style=\"text-align: justify;\"><\/h4>\n<h4 style=\"text-align: center;\"><strong><u>SPECJALNY ZASI\u0141EK OPIEKU\u0143CZY<\/u><\/strong><\/h4>\n<h4 style=\"text-align: justify;\">Specjalny zasi\u0142ek opieku\u0144czy przys\u0142uguje osobom, na kt\u00f3rych zgodnie z przepisami ustawy z dnia 25 lutego 1964 r. \u2013 Kodeks rodzinny i opieku\u0144czy (Dz. U. z 2019 r. poz. 2086 i 2089) ci\u0105\u017cy obowi\u0105zek alimentacyjny, a tak\u017ce ma\u0142\u017conkom, je\u017celi:<\/h4>\n<h4 style=\"text-align: justify;\">1) nie podejmuj\u0105 zatrudnienia lub innej pracy zarobkowej lub<\/h4>\n<h4 style=\"text-align: justify;\">2) rezygnuj\u0105 z zatrudnienia lub innej pracy zarobkowej<\/h4>\n<h4 style=\"text-align: justify;\">\u2013 w celu sprawowania sta\u0142ej opieki nad osob\u0105 legitymuj\u0105c\u0105 si\u0119 orzeczeniem o znacznym stopniu niepe\u0142nosprawno\u015bci albo orzeczeniem o niepe\u0142nosprawno\u015bci \u0142\u0105cznie ze wskazaniami: konieczno\u015bci sta\u0142ej lub d\u0142ugotrwa\u0142ej opieki lub pomocy innej osoby w zwi\u0105zku ze znacznie ograniczon\u0105 mo\u017cliwo\u015bci\u0105 samodzielnej egzystencji oraz konieczno\u015bci sta\u0142ego wsp\u00f3\u0142udzia\u0142u na co dzie\u0144 opiekuna dziecka w procesie jego leczenia, rehabilitacji i edukacji.<\/h4>\n<ol style=\"text-align: justify;\" start=\"2\">\n<li>\n<h4>Specjalny zasi\u0142ek opieku\u0144czy przys\u0142uguje, je\u017celi \u0142\u0105czny doch\u00f3d rodziny osoby sprawuj\u0105cej opiek\u0119 oraz rodziny osoby wymagaj\u0105cej opieki w przeliczeniu na osob\u0119 <strong>nie przekracza kwoty 764,00 z\u0142<\/strong><\/h4>\n<\/li>\n<\/ol>\n<h4 style=\"text-align: justify;\">\u00a0Specjalny zasi\u0142ek opieku\u0144czy przys\u0142uguje w wysoko\u015bci <strong>620,00 z\u0142 miesi\u0119cznie. <\/strong><\/h4>\n<h4 style=\"text-align: justify;\"><strong>Specjalny zasi\u0142ek opieku\u0144czy nie przys\u0142uguje, je\u017celi: <\/strong><\/h4>\n<h4 style=\"text-align: justify;\">1) <strong>osoba sprawuj\u0105ca opiek\u0119: <\/strong><\/h4>\n<h4>a) ma ustalone prawo do emerytury, renty, renty rodzinnej z tytu\u0142u \u015bmierci ma\u0142\u017conka przyznanej w przypadku zbiegu prawa do renty rodzinnej i innego \u015bwiadczenia emerytalno-rentowego, renty socjalnej, zasi\u0142ku sta\u0142ego, nauczycielskiego \u015bwiadczenia kompensacyjnego, zasi\u0142ku przedemerytalnego, \u015bwiadczenia przedemerytalnego lub rodzicielskiego \u015bwiadczenia uzupe\u0142niaj\u0105cego, o kt\u00f3rym mowa w ustawie z dnia 31 stycznia 2019 r. o rodzicielskim \u015bwiadczeniu uzupe\u0142niaj\u0105cym,<\/h4>\n<h4>c) ma ustalone prawo do specjalnego zasi\u0142ku opieku\u0144czego, \u015bwiadczenia piel\u0119gnacyjnego lub zasi\u0142ku dla opiekuna, o kt\u00f3rym mowa w ustawie z dnia 4 kwietnia 2014 r. o ustaleniu i wyp\u0142acie zasi\u0142k\u00f3w dla opiekun\u00f3w,<\/h4>\n<h4>d) legitymuje si\u0119 orzeczeniem o znacznym stopniu niepe\u0142nosprawno\u015bci;<\/h4>\n<h4 style=\"text-align: justify;\">2) osoba wymagaj\u0105ca opieki zosta\u0142a umieszczona w rodzinie zast\u0119pczej, z wyj\u0105tkiem rodziny zast\u0119pczej spokrewnionej, w rodzinnym domu dziecka albo, w zwi\u0105zku z konieczno\u015bci\u0105 kszta\u0142cenia, rewalidacji lub rehabilitacji, w plac\u00f3wce zapewniaj\u0105cej ca\u0142odobow\u0105 opiek\u0119, w tym w specjalnym o\u015brodku szkolno-wychowawczym, z wyj\u0105tkiem podmiotu wykonuj\u0105cego dzia\u0142alno\u015b\u0107 lecznicz\u0105, i korzysta w niej z ca\u0142odobowej opieki przez wi\u0119cej ni\u017c 5 dni w tygodniu;<\/h4>\n<h4 style=\"text-align: justify;\">3) na osob\u0119 wymagaj\u0105c\u0105 opieki inna osoba ma ustalone prawo do wcze\u015bniejszej emerytury;<\/h4>\n<h4 style=\"text-align: justify;\">5) na osob\u0119 wymagaj\u0105c\u0105 opieki jest ustalone prawo do dodatku do zasi\u0142ku rodzinnego, o kt\u00f3rym mowa w art. 10, prawo do specjalnego zasi\u0142ku opieku\u0144czego, prawo do \u015bwiadczenia piel\u0119gnacyjnego lub prawo do zasi\u0142ku dla opiekuna, o kt\u00f3rym mowa w ustawie z dnia 4 kwietnia 2014 r. o ustaleniu i wyp\u0142acie zasi\u0142k\u00f3w dla opiekun\u00f3w;<\/h4>\n<h4 style=\"text-align: justify;\">6) na osob\u0119 wymagaj\u0105c\u0105 opieki inna osoba jest uprawniona za granic\u0105 do \u015bwiadczenia na pokrycie wydatk\u00f3w zwi\u0105zanych z opiek\u0105, chyba \u017ce przepisy o koordynacji system\u00f3w zabezpieczenia spo\u0142ecznego lub dwustronne umowy o zabezpieczeniu spo\u0142ecznym stanowi\u0105 inaczej.<\/h4>\n<h4 style=\"text-align: justify;\"><\/h4>\n<h4 style=\"text-align: center;\"><strong><u>\u015aWIADCZENIE PIEL\u0118GNACYJNE<\/u><\/strong><\/h4>\n<h4 style=\"text-align: justify;\">\u015awiadczenie piel\u0119gnacyjne z tytu\u0142u rezygnacji z zatrudnienia lub innej pracy zarobkowej przys\u0142uguje:<\/h4>\n<h4 style=\"text-align: justify;\">1) matce albo ojcu,<\/h4>\n<h4 style=\"text-align: justify;\">2) opiekunowi faktycznemu dziecka,<\/h4>\n<h4 style=\"text-align: justify;\">3) osobie b\u0119d\u0105cej rodzin\u0105 zast\u0119pcz\u0105 spokrewnion\u0105 w rozumieniu ustawy z dnia 9 czerwca 2011 r. o wspieraniu rodziny i systemie pieczy zast\u0119pczej,<\/h4>\n<h4 style=\"text-align: justify;\">4) innym osobom, na kt\u00f3rych zgodnie z przepisami ustawy z dnia 25 lutego 1964 r. \u2013 Kodeks rodzinny i opieku\u0144czy ci\u0105\u017cy obowi\u0105zek alimentacyjny, z wyj\u0105tkiem os\u00f3b o znacznym stopniu niepe\u0142nosprawno\u015bci<\/h4>\n<h4 style=\"text-align: justify;\">\u2013 je\u017celi nie podejmuj\u0105 lub rezygnuj\u0105 z zatrudnienia lub innej pracy zarobkowej w celu sprawowania opieki nad osob\u0105 legitymuj\u0105c\u0105 si\u0119 orzeczeniem o znacznym stopniu niepe\u0142nosprawno\u015bci albo orzeczeniem o niepe\u0142nosprawno\u015bci \u0142\u0105cznie ze wskazaniami: konieczno\u015bci sta\u0142ej lub d\u0142ugotrwa\u0142ej opieki lub pomocy innej osoby w zwi\u0105zku ze znacznie ograniczon\u0105 mo\u017cliwo\u015bci\u0105 samodzielnej egzystencji oraz konieczno\u015bci sta\u0142ego wsp\u00f3\u0142udzia\u0142u na co dzie\u0144 opiekuna dziecka w procesie jego leczenia, rehabilitacji i edukacji.<\/h4>\n<h4 style=\"text-align: justify;\">1a. Osobom, o kt\u00f3rych mowa w ust. 1 pkt 4, innym ni\u017c spokrewnione w pierwszym stopniu z osob\u0105 wymagaj\u0105c\u0105 opieki, przys\u0142uguje \u015bwiadczenie piel\u0119gnacyjne, w przypadku gdy spe\u0142nione s\u0105 \u0142\u0105cznie nast\u0119puj\u0105ce warunki:<\/h4>\n<h4 style=\"text-align: justify;\">1) rodzice osoby wymagaj\u0105cej opieki nie \u017cyj\u0105, zostali pozbawieni praw rodzicielskich, s\u0105 ma\u0142oletni lub legitymuj\u0105 si\u0119 orzeczeniem o znacznym stopniu niepe\u0142nosprawno\u015bci;<\/h4>\n<h4 style=\"text-align: justify;\">2) nie ma innych os\u00f3b spokrewnionych w pierwszym stopniu, s\u0105 ma\u0142oletnie lub legitymuj\u0105 si\u0119 orzeczeniem o znacznym stopniu niepe\u0142nosprawno\u015bci;<\/h4>\n<h4 style=\"text-align: justify;\">3) nie ma os\u00f3b, o kt\u00f3rych mowa w ust. 1 pkt 2 i 3, lub legitymuj\u0105 si\u0119 orzeczeniem o znacznym stopniu niepe\u0142nosprawno\u015bci.<\/h4>\n<h4 style=\"text-align: justify;\">\u015awiadczenie piel\u0119gnacyjne przys\u0142uguje, je\u017celi niepe\u0142nosprawno\u015b\u0107 osoby wymagaj\u0105cej opieki powsta\u0142a:<\/h4>\n<h4 style=\"text-align: justify;\">1) nie p\u00f3\u017aniej ni\u017c do uko\u0144czenia 18. roku \u017cycia lub<\/h4>\n<h4 style=\"text-align: justify;\">2) w trakcie nauki w szkole lub w szkole wy\u017cszej, jednak nie p\u00f3\u017aniej ni\u017c do uko\u0144czenia 25. roku \u017cycia.<\/h4>\n<ol style=\"text-align: justify;\" start=\"3\">\n<li>\n<h4>\u015awiadczenie piel\u0119gnacyjne przys\u0142uguje w wysoko\u015bci <strong>1830,00 z\u0142 miesi\u0119cznie. <\/strong>(od 01.01.2020r.)<\/h4>\n<\/li>\n<\/ol>\n<h4 style=\"text-align: justify;\"><\/h4>\n<h4 style=\"text-align: justify;\"><strong>\u015awiadczenie piel\u0119gnacyjne nie przys\u0142uguje, je\u017celi: <\/strong><\/h4>\n<h4 style=\"text-align: justify;\"><strong>1) osoba sprawuj\u0105ca opiek\u0119: <\/strong><\/h4>\n<h4>a) ma ustalone prawo do emerytury, renty, renty rodzinnej z tytu\u0142u \u015bmierci ma\u0142\u017conka przyznanej w przypadku zbiegu prawa do renty rodzinnej i innego \u015bwiadczenia emerytalno-rentowego, renty socjalnej, zasi\u0142ku sta\u0142ego, nauczycielskiego \u015bwiadczenia kompensacyjnego, zasi\u0142ku przedemerytalnego, \u015bwiadczenia przedemerytalnego lub rodzicielskiego \u015bwiadczenia uzupe\u0142niaj\u0105cego, o kt\u00f3rym mowa w ustawie z dnia 31 stycznia 2019 r. o rodzicielskim \u015bwiadczeniu uzupe\u0142niaj\u0105cym,<\/h4>\n<h4>b) ma ustalone prawo do specjalnego zasi\u0142ku opieku\u0144czego, \u015bwiadczenia piel\u0119gnacyjnego lub zasi\u0142ku dla opiekuna, o kt\u00f3rym mowa w ustawie z dnia 4 kwietnia 2014 r. o ustaleniu i wyp\u0142acie zasi\u0142k\u00f3w dla opiekun\u00f3w;<\/h4>\n<h4 style=\"text-align: justify;\"><strong>2) osoba wymagaj\u0105ca opieki:<\/strong><\/h4>\n<h4>a) pozostaje w zwi\u0105zku ma\u0142\u017ce\u0144skim, chyba \u017ce wsp\u00f3\u0142ma\u0142\u017conek legitymuje si\u0119 orzeczeniem o znacznym stopniu niepe\u0142nosprawno\u015bci,<\/h4>\n<h4>b) zosta\u0142a umieszczona w rodzinie zast\u0119pczej, z wyj\u0105tkiem rodziny zast\u0119pczej spokrewnionej, rodzinnym domu dziecka albo, w zwi\u0105zku z konieczno\u015bci\u0105 kszta\u0142cenia, rewalidacji lub rehabilitacji, w plac\u00f3wce zapewniaj\u0105cej ca\u0142odobow\u0105 opiek\u0119, w tym w specjalnym o\u015brodku szkolno-wychowawczym, z wyj\u0105tkiem podmiotu wykonuj\u0105cego dzia\u0142alno\u015b\u0107 lecznicz\u0105, i korzysta w niej z ca\u0142odobowej opieki przez wi\u0119cej ni\u017c 5 dni w tygodniu;<\/h4>\n<h4 style=\"text-align: justify;\">3) na osob\u0119 wymagaj\u0105c\u0105 opieki inna osoba ma ustalone prawo do wcze\u015bniejszej emerytury;<\/h4>\n<h4 style=\"text-align: justify;\">5) na osob\u0119 wymagaj\u0105c\u0105 opieki jest ustalone prawo do dodatku do zasi\u0142ku rodzinnego, o kt\u00f3rym mowa w art. 10, prawo do specjalnego zasi\u0142ku opieku\u0144czego, prawo do \u015bwiadczenia piel\u0119gnacyjnego lub prawo do zasi\u0142ku dla opiekuna, o kt\u00f3rym mowa w ustawie z dnia 4 kwietnia 2014 r. o ustaleniu i wyp\u0142acie zasi\u0142k\u00f3w dla opiekun\u00f3w;<\/h4>\n<h4 style=\"text-align: justify;\">6) na osob\u0119 wymagaj\u0105c\u0105 opieki inna osoba jest uprawniona za granic\u0105 do \u015bwiadczenia na pokrycie wydatk\u00f3w zwi\u0105zanych z opiek\u0105, chyba \u017ce przepisy o koordynacji system\u00f3w zabezpieczenia spo\u0142ecznego lub dwustronne umowy o zabezpieczeniu spo\u0142ecznym stanowi\u0105 inaczej.<\/h4>\n<h4 style=\"text-align: justify;\"><\/h4>\n<h4 style=\"text-align: center;\"><strong><u>JEDNORAZOWA ZAPOMOGA Z TYTU\u0141U URODZENIA SI\u0118 DZIECKA<\/u><\/strong><\/h4>\n<h4 style=\"text-align: justify;\">Z tytu\u0142u urodzenia si\u0119 \u017cywego dziecka przyznaje si\u0119 jednorazow\u0105 zapomog\u0119 w wysoko\u015bci <strong>1000,00 z<\/strong>\u0142 na jedno dziecko.<\/h4>\n<ol style=\"text-align: justify;\" start=\"2\">\n<li>\n<h4>Jednorazowa zapomoga przys\u0142uguje matce lub ojcu dziecka, opiekunowi prawnemu albo opiekunowi faktycznemu dziecka, je\u017celi doch\u00f3d rodziny w przeliczeniu na osob\u0119 nie przekracza kwoty <strong>1922,00 z\u0142. <\/strong><\/h4>\n<\/li>\n<li>\n<h4>Wniosek o wyp\u0142at\u0119 jednorazowej zapomogi sk\u0142ada si\u0119 w terminie 12 miesi\u0119cy od dnia narodzin dziecka, a w przypadku gdy wniosek dotyczy dziecka obj\u0119tego opiek\u0105 prawn\u0105, opiek\u0105 faktyczn\u0105 albo dziecka przysposobionego \u2013 w terminie 12 miesi\u0119cy od dnia obj\u0119cia dziecka opiek\u0105 albo przysposobienia nie p\u00f3\u017aniej ni\u017c do uko\u0144czenia przez dziecko 18. roku \u017cycia. Wniosek z\u0142o\u017cony po terminie organ w\u0142a\u015bciwy pozostawia bez rozpoznania.<\/h4>\n<\/li>\n<\/ol>\n<h4 style=\"text-align: justify;\"><strong>Jednorazowa zapomoga nie przys\u0142uguje, je\u017celi: <\/strong><\/h4>\n<h4 style=\"text-align: justify;\">1) cz\u0142onkowi rodziny przys\u0142uguje za granic\u0105 \u015bwiadczenie z tytu\u0142u urodzenia dziecka, chyba \u017ce przepisy o koordynacji system\u00f3w zabezpieczenia spo\u0142ecznego lub dwustronne umowy o zabezpieczeniu spo\u0142ecznym stanowi\u0105 inaczej;<\/h4>\n<h4 style=\"text-align: justify;\">2) osobie samotnie wychowuj\u0105cej dziecko nie zosta\u0142o ustalone, na rzecz danego dziecka od jego rodzica, \u015bwiadczenie alimentacyjne na podstawie tytu\u0142u wykonawczego pochodz\u0105cego lub zatwierdzonego przez s\u0105d, chyba \u017ce:<\/h4>\n<ol style=\"text-align: justify;\">\n<li>\n<h4>a) rodzice lub jedno z rodzic\u00f3w dziecka nie \u017cyje,<\/h4>\n<\/li>\n<li>\n<h4>b) ojciec dziecka jest nieznany,<\/h4>\n<\/li>\n<li>\n<h4>c) pow\u00f3dztwo o ustalenie \u015bwiadczenia alimentacyjnego od drugiego z rodzic\u00f3w zosta\u0142o oddalone,<\/h4>\n<\/li>\n<li>\n<h4>d) s\u0105d zobowi\u0105za\u0142 jedno z rodzic\u00f3w do ponoszenia ca\u0142kowitych koszt\u00f3w utrzymania dziecka i nie zobowi\u0105za\u0142 drugiego z rodzic\u00f3w do \u015bwiadczenia alimentacyjnego na rzecz tego dziecka,<\/h4>\n<\/li>\n<li>\n<h4>e) dziecko, zgodnie z orzeczeniem s\u0105du, jest pod opiek\u0105 naprzemienn\u0105 obojga rodzic\u00f3w sprawowan\u0105 w por\u00f3wnywalnych i powtarzaj\u0105cych si\u0119 okresach.<\/h4>\n<\/li>\n<li>\n<h4>Zapomoga, o kt\u00f3rej mowa w ust. 1, przys\u0142uguje, je\u017celi kobieta pozostawa\u0142a pod opiek\u0105 medyczn\u0105 nie p\u00f3\u017aniej ni\u017c od 10 tygodnia ci\u0105\u017cy do porodu.<\/h4>\n<\/li>\n<li>\n<h4>Pozostawanie pod opiek\u0105 medyczn\u0105 potwierdza si\u0119 za\u015bwiadczeniem lekarskim lub za\u015bwiadczeniem wystawionym przez po\u0142o\u017cn\u0105.<\/h4>\n<\/li>\n<\/ol>\n<h4 style=\"text-align: justify;\"><\/h4>\n<h4 style=\"text-align: center;\"><strong><u>\u015aWIADCZENIE RODZICIELSKIE<\/u><\/strong><\/h4>\n<h4 style=\"text-align: justify;\"><strong>\u015awiadczenie rodzicielskie przys\u0142uguje: <\/strong><\/h4>\n<h4 style=\"text-align: justify;\">1) matce albo ojcu dziecka, z uwzgl\u0119dnieniem ust. 2;<\/h4>\n<h4 style=\"text-align: justify;\">2) opiekunowi faktycznemu dziecka w przypadku obj\u0119cia opiek\u0105 dziecka w wieku do uko\u0144czenia 7. roku \u017cycia, a w przypadku dziecka, wobec kt\u00f3rego podj\u0119to decyzj\u0119 o odroczeniu obowi\u0105zku szkolnego \u2013 do uko\u0144czenia 10. roku \u017cycia;<\/h4>\n<h4 style=\"text-align: justify;\">3) rodzinie zast\u0119pczej, z wyj\u0105tkiem rodziny zast\u0119pczej zawodowej, w przypadku obj\u0119cia opiek\u0105 dziecka w wieku do uko\u0144czenia 7. roku \u017cycia, a w przypadku dziecka, wobec kt\u00f3rego podj\u0119to decyzj\u0119 o odroczeniu obowi\u0105zku szkolnego \u2013 do uko\u0144czenia 10. roku \u017cycia;<\/h4>\n<h4 style=\"text-align: justify;\">4) osobie, kt\u00f3ra przysposobi\u0142a dziecko, w przypadku obj\u0119cia opiek\u0105 dziecka w wieku do uko\u0144czenia 7. roku \u017cycia, a w przypadku dziecka, wobec kt\u00f3rego podj\u0119to decyzj\u0119 o odroczeniu obowi\u0105zku szkolnego \u2013 do uko\u0144czenia 10. roku \u017cycia.<\/h4>\n<ol style=\"text-align: justify;\" start=\"2\">\n<li>\n<h4>\u015awiadczenie rodzicielskie przys\u0142uguje ojcu dziecka w przypadku:<\/h4>\n<\/li>\n<\/ol>\n<h4 style=\"text-align: justify;\">1) skr\u00f3cenia na wniosek matki dziecka okresu pobierania \u015bwiadczenia rodzicielskiego, zasi\u0142ku macierzy\u0144skiego lub uposa\u017cenia za okres ustalony przepisami Kodeksu pracy jako okres urlopu macierzy\u0144skiego, okres urlopu na warunkach urlopu macierzy\u0144skiego lub okres urlopu rodzicielskiego, po wykorzystaniu przez ni\u0105 tego \u015bwiadczenia, zasi\u0142ku lub uposa\u017cenia za okres co najmniej 14 tygodni od dnia urodzenia dziecka;<\/h4>\n<h4 style=\"text-align: justify;\">2) \u015bmierci matki dziecka;<\/h4>\n<h4 style=\"text-align: justify;\">3) porzucenia dziecka przez matk\u0119.<\/h4>\n<ol style=\"text-align: justify;\" start=\"3\">\n<li>\n<h4>\u015awiadczenie rodzicielskie przys\u0142uguje przez okres:<\/h4>\n<\/li>\n<\/ol>\n<h4 style=\"text-align: justify;\">1) 52 tygodni \u2013 w przypadku urodzenia jednego dziecka przy jednym porodzie, przysposobienia jednego dziecka lub obj\u0119cia opiek\u0105 jednego dziecka;<\/h4>\n<h4 style=\"text-align: justify;\">2) 65 tygodni \u2013 w przypadku urodzenia dwojga dzieci przy jednym porodzie, przysposobienia dwojga dzieci lub obj\u0119cia opiek\u0105 dwojga dzieci;<\/h4>\n<h4 style=\"text-align: justify;\">3) 67 tygodni \u2013 w przypadku urodzenia trojga dzieci przy jednym porodzie, przysposobienia trojga dzieci lub obj\u0119cia opiek\u0105 trojga dzieci;<\/h4>\n<h4 style=\"text-align: justify;\">4) 69 tygodni \u2013 w przypadku urodzenia czworga dzieci przy jednym porodzie, przysposobienia czworga dzieci lub obj\u0119cia opiek\u0105 czworga dzieci;<\/h4>\n<h4 style=\"text-align: justify;\">5) 71 tygodni \u2013 w przypadku urodzenia pi\u0119ciorga i wi\u0119cej dzieci przy jednym porodzie, przysposobienia pi\u0119ciorga i wi\u0119cej dzieci lub obj\u0119cia opiek\u0105 pi\u0119ciorga i wi\u0119cej dzieci.<\/h4>\n<ol style=\"text-align: justify;\" start=\"4\">\n<li>\n<h4>\u015awiadczenie rodzicielskie przys\u0142uguje od dnia:<\/h4>\n<\/li>\n<\/ol>\n<h4 style=\"text-align: justify;\">1) porodu \u2013 w przypadku os\u00f3b, o kt\u00f3rych mowa w ust. 1 pkt 1;<\/h4>\n<h4 style=\"text-align: justify;\">2) obj\u0119cia dziecka opiek\u0105, nie d\u0142u\u017cej ni\u017c do uko\u0144czenia przez dziecko 7. roku \u017cycia, a w przypadku dziecka, wobec kt\u00f3rego podj\u0119to decyzj\u0119 o odroczeniu obowi\u0105zku szkolnego, nie d\u0142u\u017cej ni\u017c do uko\u0144czenia przez nie 10. roku \u017cycia \u2013 w przypadku os\u00f3b, o kt\u00f3rych mowa w ust. 1 pkt 2 i 3;<\/h4>\n<h4 style=\"text-align: justify;\">3) przysposobienia dziecka, nie d\u0142u\u017cej ni\u017c do uko\u0144czenia przez dziecko 7. roku \u017cycia, a w przypadku dziecka, wobec kt\u00f3rego podj\u0119to decyzj\u0119 o odroczeniu obowi\u0105zku szkolnego, nie d\u0142u\u017cej ni\u017c do uko\u0144czenia przez nie 10. roku \u017cycia \u2013 w przypadku osoby, o kt\u00f3rej mowa w ust. 1 pkt 4.<\/h4>\n<ol style=\"text-align: justify;\" start=\"5\">\n<li>\n<h4>\u015awiadczenie rodzicielskie przys\u0142uguje w wysoko\u015bci <strong>1000,00 z\u0142 miesi\u0119cznie<\/strong>, z uwzgl\u0119dnieniem ust. 6.<\/h4>\n<\/li>\n<li>\n<h4>W razie urodzenia dziecka przez kobiet\u0119 pobieraj\u0105c\u0105 zasi\u0142ek dla bezrobotnych w okresie, o kt\u00f3rym mowa w art. 73 ust. 1 ustawy z dnia 20 kwietnia 2004 r. o promocji zatrudnienia i instytucjach rynku pracy (Dz. U. z 2019 r. poz. 1482, 1622 i 1818), lub w ci\u0105gu miesi\u0105ca po jego zako\u0144czeniu, lub w okresie przed\u0142u\u017cenia zasi\u0142ku dla bezrobotnych na podstawie art. 73 ust. 3 tej ustawy, \u015bwiadczenie rodzicielskie przys\u0142uguje jednemu z rodzic\u00f3w w wysoko\u015bci r\u00f3\u017cnicy mi\u0119dzy kwot\u0105 \u015bwiadczenia rodzicielskiego a kwot\u0105 pobieranego przez kobiet\u0119 zasi\u0142ku dla bezrobotnych pomniejszonego o zaliczk\u0119 na podatek dochodowy od os\u00f3b fizycznych.<\/h4>\n<\/li>\n<li>\n<h4>Osobie uprawnionej do \u015bwiadczenia rodzicielskiego przys\u0142uguje:<\/h4>\n<\/li>\n<\/ol>\n<h4 style=\"text-align: justify;\">1) w tym samym czasie jedno \u015bwiadczenie rodzicielskie bez wzgl\u0119du na liczb\u0119 wychowywanych dzieci;<\/h4>\n<h4 style=\"text-align: justify;\">2) jedno \u015bwiadczenie rodzicielskie w zwi\u0105zku z wychowywaniem tego samego dziecka.<\/h4>\n<h4 style=\"text-align: justify;\"><\/h4>\n<h4 style=\"text-align: justify;\"><strong>\u015awiadczenie rodzicielskie nie przys\u0142uguje, je\u017celi: <\/strong><\/h4>\n<h4 style=\"text-align: justify;\">1) co najmniej jeden z rodzic\u00f3w dziecka lub osoba, o kt\u00f3rej mowa w ust. 1 pkt 2 lub 3, otrzymuj\u0105 zasi\u0142ek macierzy\u0144ski lub uposa\u017cenie za okres ustalony przepisami Kodeksu pracy jako okres urlopu macierzy\u0144skiego, okres urlopu na warunkach urlopu macierzy\u0144skiego lub okres urlopu rodzicielskiego;<\/h4>\n<h4 style=\"text-align: justify;\">2) dziecko zosta\u0142o umieszczone w pieczy zast\u0119pczej \u2013 w przypadku os\u00f3b, o kt\u00f3rych mowa w ust. 1 pkt 1 i 4;<\/h4>\n<h4 style=\"text-align: justify;\">3) osoba ubiegaj\u0105ca si\u0119 o \u015bwiadczenie rodzicielskie lub osoba pobieraj\u0105ca \u015bwiadczenie rodzicielskie nie sprawuje lub zaprzesta\u0142a sprawowania osobistej opieki nad dzieckiem, w tym w zwi\u0105zku z zatrudnieniem lub wykonywaniem innej pracy zarobkowej, kt\u00f3re uniemo\u017cliwiaj\u0105 sprawowanie tej opieki;<\/h4>\n<h4 style=\"text-align: justify;\">4) w zwi\u0105zku z wychowywaniem tego samego dziecka lub w zwi\u0105zku z opiek\u0105 nad tym samym dzieckiem jest ju\u017c ustalone prawo do \u015bwiadczenia rodzicielskiego, dodatku do zasi\u0142ku rodzinnego, o kt\u00f3rym mowa w art. 10, \u015bwiadczenia piel\u0119gnacyjnego, specjalnego zasi\u0142ku opieku\u0144czego lub zasi\u0142ku dla opiekuna, o kt\u00f3rym mowa w ustawie z dnia 4 kwietnia 2014 r. o ustaleniu i wyp\u0142acie zasi\u0142k\u00f3w dla opiekun\u00f3w;<\/h4>\n<h4 style=\"text-align: justify;\">5) osobom, o kt\u00f3rych mowa w ust. 1, przys\u0142uguje za granic\u0105 \u015bwiadczenie o podobnym charakterze do \u015bwiadczenia rodzicielskiego, chyba \u017ce przepisy o koordynacji system\u00f3w zabezpieczenia spo\u0142ecznego lub dwustronne umowy o zabezpieczeniu spo\u0142ecznym stanowi\u0105 inaczej.<\/h4>\n<h4 style=\"text-align: justify;\"><\/h4>\n<h4 style=\"text-align: justify;\">Ustalenie prawa do \u015bwiadcze\u0144 rodzinnych oraz ich wyp\u0142ata nast\u0119puj\u0105 odpowiednio na wniosek ma\u0142\u017conk\u00f3w, jednego z ma\u0142\u017conk\u00f3w, rodzic\u00f3w, jednego z rodzic\u00f3w, opiekuna faktycznego dziecka, opiekuna prawnego dziecka, rodziny zast\u0119pczej niezawodowej, osoby ucz\u0105cej si\u0119, pe\u0142noletniej osoby niepe\u0142nosprawnej lub innej osoby upowa\u017cnionej do reprezentowania dziecka lub pe\u0142noletniej osoby niepe\u0142nosprawnej, a tak\u017ce os\u00f3b, na kt\u00f3rych zgodnie z przepisami ustawy z dnia 25 lutego 1964 r. \u2013 Kodeks rodzinny i opieku\u0144czy ci\u0105\u017cy obowi\u0105zek alimentacyjny.<\/h4>\n<h4 style=\"text-align: justify;\">Wniosek sk\u0142ada si\u0119 w urz\u0119dzie gminy lub miasta w\u0142a\u015bciwym ze wzgl\u0119du na miejsce zamieszkania osoby, o kt\u00f3rej mowa w ust. 1.<\/h4>\n<h4 style=\"text-align: justify;\"><\/h4>\n<h4 style=\"text-align: center;\"><strong>\u015aWIADCZENIE WYCHOWAWCZE 500+<\/strong><\/h4>\n<h4 style=\"text-align: justify;\"><strong>zgodnie z ustaw\u0105 o pomocy pa\u0144stwa w wychowywaniu dzieci z dnia 11 lutego 2016r. <\/strong><strong style=\"color: inherit; font-size: 1.25em;\">(Dz.U. z 2019r. poz. 2407)<\/strong><\/h4>\n<h4 style=\"text-align: justify;\"><strong>\u00a0<\/strong><strong>Prawo do \u015bwiadczenia wychowawczego przys\u0142uguje: <\/strong><\/h4>\n<h4 style=\"text-align: justify;\">1) obywatelom polskim;<\/h4>\n<h4 style=\"text-align: justify;\">2) cudzoziemcom:<\/h4>\n<h4>a) do kt\u00f3rych stosuje si\u0119 przepisy o koordynacji system\u00f3w zabezpieczenia spo\u0142ecznego,<\/h4>\n<h4>b) je\u017celi wynika to z wi\u0105\u017c\u0105cych Rzeczpospolit\u0105 Polsk\u0105 dwustronnych um\u00f3w mi\u0119dzynarodowych o zabezpieczeniu spo\u0142ecznym,<\/h4>\n<h4>c) przebywaj\u0105cym na terytorium Rzeczypospolitej Polskiej na podstawie zezwolenia na pobyt czasowy udzielonego w zwi\u0105zku z okoliczno\u015bciami, o kt\u00f3rych mowa w art. 127 ustawy z dnia 12 grudnia 2013 r. o cudzoziemcach (Dz. U. z 2018 r. poz. 2094 i 2399 oraz z 2019 r. poz. 577 i 622), je\u017celi zamieszkuj\u0105 z dzie\u0107mi na terytorium Rzeczypospolitej Polskiej,<\/h4>\n<h4>d) posiadaj\u0105cym kart\u0119 pobytu z adnotacj\u0105 \u201edost\u0119p do rynku pracy\u201d, je\u017celi zamieszkuj\u0105 z dzie\u0107mi na terytorium Rzeczypospolitej Polskiej, z wy\u0142\u0105czeniem obywateli pa\u0144stw trzecich, kt\u00f3rzy uzyskali zezwolenie na prac\u0119 na terytorium pa\u0144stwa cz\u0142onkowskiego na okres nieprzekraczaj\u0105cy sze\u015bciu miesi\u0119cy, obywateli pa\u0144stw trzecich przyj\u0119tych w celu podj\u0119cia studi\u00f3w lub pracy sezonowej oraz obywateli pa\u0144stw trzecich, kt\u00f3rzy maj\u0105 prawo do wykonywania pracy na podstawie wizy,<\/h4>\n<h4>e) przebywaj\u0105cym na terytorium Rzeczypospolitej Polskiej:<\/h4>\n<h4 style=\"text-align: justify;\">\u2013 na podstawie zezwolenia na pobyt czasowy, o kt\u00f3rym mowa w art. 139a ust. 1 lub art. 139o ust. 1 ustawy z dnia 12 grudnia 2013 r. o cudzoziemcach, lub<\/h4>\n<h4 style=\"text-align: justify;\">\u2013 w zwi\u0105zku z korzystaniem z mobilno\u015bci kr\u00f3tkoterminowej pracownika kadry kierowniczej, specjalisty lub pracownika odbywaj\u0105cego sta\u017c w ramach przeniesienia wewn\u0105trz przedsi\u0119biorstwa na warunkach okre\u015blonych w art. 139n ust. 1 ustawy z dnia 12 grudnia 2013 r. o cudzoziemcach<\/h4>\n<h4 style=\"text-align: justify;\">\u2013 je\u017celi zamieszkuj\u0105 z dzie\u0107mi na terytorium Rzeczypospolitej Polskiej, z wy\u0142\u0105czeniem cudzoziemc\u00f3w, kt\u00f3rym zezwolono na pobyt i prac\u0119 na okres nieprzekraczaj\u0105cy dziewi\u0119ciu miesi\u0119cy, chyba \u017ce przepisy o koordynacji system\u00f3w zabezpieczenia spo\u0142ecznego lub dwustronne umowy mi\u0119dzynarodowe o zabezpieczeniu spo\u0142ecznym stanowi\u0105 inaczej,<\/h4>\n<h4>f) przebywaj\u0105cym na terytorium Rzeczypospolitej Polskiej:<\/h4>\n<h4 style=\"text-align: justify;\">\u2013 na podstawie zezwolenia na pobyt czasowy, o kt\u00f3rym mowa w art. 151 lub art. 151b ustawy z dnia 12 grudnia 2013 r. o cudzoziemcach,<\/h4>\n<h4 style=\"text-align: justify;\">\u2013 na podstawie wizy krajowej w celu prowadzenia bada\u0144 naukowych lub prac rozwojowych,<\/h4>\n<h4 style=\"text-align: justify;\">\u2212 w zwi\u0105zku z korzystaniem z mobilno\u015bci kr\u00f3tkoterminowej naukowca na warunkach okre\u015blonych w art. 156b ust. 1 ustawy z dnia 12 grudnia 2013 r. o cudzoziemcach<\/h4>\n<h4 style=\"text-align: justify;\">\u2212 z wy\u0142\u0105czeniem cudzoziemc\u00f3w, kt\u00f3rym zezwolono na pobyt na terytorium Rzeczypospolitej Polskiej przez okres nieprzekraczaj\u0105cy sze\u015bciu miesi\u0119cy, chyba \u017ce przepisy o koordynacji system\u00f3w zabezpieczenia spo\u0142ecznego lub dwustronne umowy mi\u0119dzynarodowe o zabezpieczeniu spo\u0142ecznym stanowi\u0105 inaczej.<\/h4>\n<ol style=\"text-align: justify;\" start=\"3\">\n<li>\n<h4>Prawo do \u015bwiadczenia wychowawczego przys\u0142uguje osobom, o kt\u00f3rych mowa w ust. 2, je\u017celi zamieszkuj\u0105 na terytorium Rzeczypospolitej Polskiej przez okres, w jakim maj\u0105 otrzymywa\u0107 \u015bwiadczenie wychowawcze, chyba \u017ce przepisy o koordynacji system\u00f3w zabezpieczenia spo\u0142ecznego lub dwustronne umowy mi\u0119dzynarodowe o zabezpieczeniu spo\u0142ecznym stanowi\u0105 inaczej.<\/h4>\n<\/li>\n<\/ol>\n<h4 style=\"text-align: justify;\"><\/h4>\n<h4 style=\"text-align: justify;\">Celem \u015bwiadczenia wychowawczego jest cz\u0119\u015bciowe pokrycie wydatk\u00f3w zwi\u0105zanych z wychowywaniem dziecka, w tym z opiek\u0105 nad nim i zaspokojeniem jego potrzeb \u017cyciowych.<\/h4>\n<h4 style=\"text-align: justify;\"><strong>\u00a0\u015awiadczenie wychowawcze przys\u0142uguje: <\/strong><\/h4>\n<h4 style=\"text-align: justify;\"><strong>\u00a0<\/strong>1) matce albo ojcu, je\u017celi dziecko wsp\u00f3lnie zamieszkuje i pozostaje na utrzymaniu matki albo ojca, z zastrze\u017ceniem art. 5 ust. 2a, albo<\/h4>\n<h4 style=\"text-align: justify;\">2) opiekunowi faktycznemu dziecka, je\u017celi dziecko wsp\u00f3lnie zamieszkuje i pozostaje na utrzymaniu opiekuna faktycznego, albo<\/h4>\n<h4 style=\"text-align: justify;\">3) opiekunowi prawnemu dziecka, albo<\/h4>\n<h4 style=\"text-align: justify;\">4) dyrektorowi domu pomocy spo\u0142ecznej.<\/h4>\n<ol style=\"text-align: justify;\" start=\"3\">\n<li>\n<h4>\u015awiadczenie wychowawcze przys\u0142uguje osobom, o kt\u00f3rych mowa w ust. 2, do dnia uko\u0144czenia przez dziecko 18. roku \u017cycia.<\/h4>\n<\/li>\n<\/ol>\n<h4 style=\"text-align: justify;\">\u015awiadczenie wychowawcze przys\u0142uguje <strong>w wysoko\u015bci 500,00 z\u0142 miesi\u0119cznie na dziecko. <\/strong><\/h4>\n<ol style=\"text-align: justify;\" start=\"2\">\n<li>\n<h4>W przypadku urodzenia dziecka albo uko\u0144czenia przez dziecko 18. roku \u017cycia kwot\u0119 \u015bwiadczenia wychowawczego przys\u0142uguj\u0105c\u0105 za niepe\u0142ny miesi\u0105c ustala si\u0119, dziel\u0105c kwot\u0119 tego \u015bwiadczenia przez liczb\u0119 wszystkich dni kalendarzowych w tym miesi\u0105cu, a otrzyman\u0105 kwot\u0119 mno\u017cy si\u0119 przez liczb\u0119 dni kalendarzowych, za kt\u00f3re to \u015bwiadczenie przys\u0142uguje.<\/h4>\n<\/li>\n<\/ol>\n<h4 style=\"text-align: justify;\">2a. W przypadku gdy dziecko, zgodnie z orzeczeniem s\u0105du, jest pod opiek\u0105 naprzemienn\u0105 obydwojga rodzic\u00f3w rozwiedzionych, \u017cyj\u0105cych w separacji lub \u017cyj\u0105cych w roz\u0142\u0105czeniu sprawowan\u0105 w por\u00f3wnywalnych i powtarzaj\u0105cych si\u0119 okresach, kwot\u0119 \u015bwiadczenia wychowawczego ustala si\u0119 ka\u017cdemu z rodzic\u00f3w w wysoko\u015bci po\u0142owy kwoty przys\u0142uguj\u0105cego za dany miesi\u0105c \u015bwiadczenia wychowawczego.<\/h4>\n<h4 style=\"text-align: justify;\"><\/h4>\n<h4 style=\"text-align: justify;\"><strong>\u015awiadczenie wychowawcze nie przys\u0142uguje, je\u017celi: <\/strong><\/h4>\n<h4 style=\"text-align: justify;\">1) dziecko pozostaje w zwi\u0105zku ma\u0142\u017ce\u0144skim;<\/h4>\n<h4 style=\"text-align: justify;\">2) dziecko zosta\u0142o umieszczone w instytucji zapewniaj\u0105cej ca\u0142odobowe utrzymanie albo w pieczy zast\u0119pczej;<\/h4>\n<h4 style=\"text-align: justify;\">3) pe\u0142noletnie dziecko ma ustalone prawo do \u015bwiadczenia wychowawczego na w\u0142asne dziecko;<\/h4>\n<h4 style=\"text-align: justify;\">4) cz\u0142onkowi rodziny przys\u0142uguje za granic\u0105 na dziecko \u015bwiadczenie o podobnym charakterze do \u015bwiadczenia wychowawczego, chyba \u017ce przepisy o koordynacji system\u00f3w zabezpieczenia spo\u0142ecznego lub dwustronne umowy mi\u0119dzynarodowe o zabezpieczeniu spo\u0142ecznym stanowi\u0105 inaczej.<\/h4>\n<h4 style=\"text-align: justify;\">Ustalenie prawa do \u015bwiadczenia wychowawczego oraz jego wyp\u0142ata nast\u0119puj\u0105 odpowiednio na wniosek matki, ojca, opiekuna faktycznego dziecka, opiekuna prawnego dziecka albo dyrektora domu pomocy spo\u0142ecznej.<\/h4>\n<h4 style=\"text-align: justify;\">Wniosek sk\u0142ada si\u0119 w urz\u0119dzie gminy lub miasta w\u0142a\u015bciwym ze wzgl\u0119du na miejsce zamieszkania osoby ubiegaj\u0105cej si\u0119 o \u015bwiadczenie wychowawcze, a w przypadku gdy o \u015bwiadczenie wychowawcze ubiega si\u0119 dyrektor domu pomocy spo\u0142ecznej \u2013 w\u0142a\u015bciwym ze wzgl\u0119du na miejsce po\u0142o\u017cenia tego domu pomocy spo\u0142ecznej.<\/h4>\n<h4 style=\"text-align: justify;\">Informacje przedstawione we wniosku sk\u0142ada si\u0119 pod rygorem odpowiedzialno\u015bci karnej za sk\u0142adanie fa\u0142szywych zezna\u0144. Sk\u0142adaj\u0105cy o\u015bwiadczenie jest obowi\u0105zany do zawarcia w nim klauzuli nast\u0119puj\u0105cej tre\u015bci: \u201eJestem \u015bwiadomy odpowiedzialno\u015bci karnej za z\u0142o\u017cenie fa\u0142szywego o\u015bwiadczenia.\u201d. Klauzula ta zast\u0119puje pouczenie organu o odpowiedzialno\u015bci karnej za sk\u0142adanie fa\u0142szywych zezna\u0144.<\/h4>\n<h4 style=\"text-align: justify;\"><\/h4>\n<h4 style=\"text-align: center;\"><strong>FUNDUSZ ALIMENTACYJNY<\/strong><\/h4>\n<h4 style=\"text-align: justify;\"><strong>zgodnie z ustaw\u0105 o pomocy osobom uprawnionym do aliment\u00f3w z dnia 7 wrze\u015bnia 2007r. <\/strong><strong style=\"color: inherit; font-size: 1.25em;\">(Dz.U. z 2019r. poz. 670 ze zm.)<\/strong><\/h4>\n<h4 style=\"text-align: justify;\"><strong>\u015awiadczenia z funduszu alimentacyjnego przys\u0142uguj\u0105: <\/strong><\/h4>\n<h4 style=\"text-align: justify;\">1) obywatelom polskim;<\/h4>\n<h4 style=\"text-align: justify;\">2) cudzoziemcom:<\/h4>\n<h4>a) (uchylona)<\/h4>\n<h4>b) je\u017celi wynika to z wi\u0105\u017c\u0105cych Rzeczpospolit\u0105 Polsk\u0105 um\u00f3w dwustronnych o zabezpieczeniu spo\u0142ecznym,<\/h4>\n<h4>c) przebywaj\u0105cym na terytorium Rzeczypospolitej Polskiej na podstawie zezwolenia na pobyt sta\u0142y, zezwolenia na pobyt rezydenta d\u0142ugoterminowego Unii Europejskiej oraz zezwolenia na pobyt czasowy udzielonego w zwi\u0105zku z okoliczno\u015bci\u0105, o kt\u00f3rej mowa w art. 186 ust. 1 pkt 3 ustawy z dnia 12 grudnia 2013 r. o cudzoziemcach (Dz. U. z 2018 r. poz. 2094 i 2399),<\/h4>\n<h4>d) przebywaj\u0105cym na terytorium Rzeczypospolitej Polskiej w zwi\u0105zku z uzyskaniem statusu uchod\u017acy lub ochrony uzupe\u0142niaj\u0105cej.<\/h4>\n<h4>\u015awiadczenia z funduszu alimentacyjnego przys\u0142uguj\u0105 osobom, o kt\u00f3rych mowa w ust. 1, je\u017celi zamieszkuj\u0105 na terytorium Rzeczypospolitej Polskiej przez okres \u015bwiadczeniowy, w kt\u00f3rym otrzymuj\u0105 \u015bwiadczenia z funduszu alimentacyjnego, chyba \u017ce dwustronne umowy mi\u0119dzynarodowe o zabezpieczeniu spo\u0142ecznym stanowi\u0105 inaczej.<\/h4>\n<h4 style=\"text-align: justify;\"><\/h4>\n<h4 style=\"text-align: justify;\">\u015awiadczenia z funduszu alimentacyjnego przys\u0142uguj\u0105 osobie uprawnionej do uko\u0144czenia przez ni\u0105 18 roku \u017cycia albo w przypadku gdy uczy si\u0119 w szkole lub szkole wy\u017cszej do uko\u0144czenia przez ni\u0105 25 roku \u017cycia, albo w przypadku posiadania orzeczenia o znacznym stopniu niepe\u0142nosprawno\u015bci \u2013 bezterminowo.<\/h4>\n<h4 style=\"text-align: justify;\">1a. W przypadku uko\u0144czenia przez osob\u0119 uprawnion\u0105 szko\u0142y wy\u017cszej w trakcie ostatniego roku studi\u00f3w prawo do \u015bwiadcze\u0144 z funduszu alimentacyjnego przys\u0142uguje do zako\u0144czenia tego roku studi\u00f3w, nie d\u0142u\u017cej jednak ni\u017c do uko\u0144czenia przez osob\u0119 uprawnion\u0105 25 roku \u017cycia.<\/h4>\n<ol style=\"text-align: justify;\" start=\"2\">\n<li>\n<h4>\u015awiadczenia z funduszu alimentacyjnego przys\u0142uguj\u0105, je\u017celi doch\u00f3d rodziny w przeliczeniu na osob\u0119 w rodzinie <strong>nie przekracza kwoty 800 z\u0142<\/strong>.<\/h4>\n<\/li>\n<\/ol>\n<h4 style=\"text-align: justify;\"><\/h4>\n<h4 style=\"text-align: justify;\">\u015awiadczenia z funduszu alimentacyjnego przys\u0142uguj\u0105 w wysoko\u015bci bie\u017c\u0105co ustalonych aliment\u00f3w, jednak\u017ce <strong>nie wy\u017cszej ni\u017c 500 z\u0142. <\/strong><\/h4>\n<h4 style=\"text-align: justify;\"><strong>\u015awiadczenia z funduszu alimentacyjnego nie przys\u0142uguj\u0105, je\u017celi osoba uprawniona: <\/strong><\/h4>\n<h4 style=\"text-align: justify;\">1) zosta\u0142a umieszczona w instytucji zapewniaj\u0105cej ca\u0142odobowe utrzymanie lub w pieczy zast\u0119pczej;<\/h4>\n<h4 style=\"text-align: justify;\">2) zawar\u0142a zwi\u0105zek ma\u0142\u017ce\u0144ski.<\/h4>\n<h4 style=\"text-align: justify;\"><\/h4>\n<h4 style=\"text-align: justify;\">Ustalenie prawa do \u015bwiadcze\u0144 z funduszu alimentacyjnego oraz ich wyp\u0142ata nast\u0119puj\u0105 odpowiednio na wniosek osoby uprawnionej lub jej przedstawiciela ustawowego.<\/h4>\n<ol style=\"text-align: justify;\" start=\"2\">\n<li>\n<h4>Wniosek sk\u0142ada si\u0119 w urz\u0119dzie gminy lub miasta w\u0142a\u015bciwym ze wzgl\u0119du na miejsce zamieszkania osoby uprawnionej.<\/h4>\n<\/li>\n<\/ol>\n<h4 style=\"text-align: justify;\">2a. Informacje przedstawione we wniosku sk\u0142ada si\u0119 pod rygorem odpowiedzialno\u015bci karnej za sk\u0142adanie fa\u0142szywych zezna\u0144. Sk\u0142adaj\u0105cy o\u015bwiadczenie jest obowi\u0105zany do zawarcia w nim klauzuli nast\u0119puj\u0105cej tre\u015bci: \u201eJestem \u015bwiadomy odpowiedzialno\u015bci karnej za z\u0142o\u017cenie fa\u0142szywego o\u015bwiadczenia.\u201d. Klauzula ta zast\u0119puje pouczenie organu o odpowiedzialno\u015bci karnej za sk\u0142adanie fa\u0142szywych zezna\u0144.<\/h4>\n<h4 style=\"text-align: justify;\"><\/h4>\n<h4 style=\"text-align: center;\"><strong>DOBRY START 300+<\/strong><\/h4>\n<h4 style=\"text-align: justify;\"><strong>zgodnie z Rozporz\u0105dzeniem Rady Ministr\u00f3w z dnia 30 maja 2018 r. w sprawie szczeg\u00f3\u0142owych warunk\u00f3w realizacji rz\u0105dowego programu &#8222;Dobry start\u201d <\/strong><strong>(Dz.U. z 2018r. poz. 1061 ze zm.)<\/strong><\/h4>\n<h4 style=\"text-align: justify;\"><strong>\u015awiadczenie dobry start <\/strong>przys\u0142uguje zamieszkuj\u0105cym na terytorium Rzeczypospolitej Polskiej:<\/h4>\n<h4 style=\"text-align: justify;\">1) obywatelom polskim;<\/h4>\n<h4 style=\"text-align: justify;\">2) cudzoziemcom:<\/h4>\n<h4>a) obywatelom Unii Europejskiej, Europejskiego Obszaru Gospodarczego albo Szwajcarii,<\/h4>\n<h4>b) je\u017celi wynika to z wi\u0105\u017c\u0105cych Rzeczpospolit\u0105 Polsk\u0105 dwustronnych um\u00f3w mi\u0119dzynarodowych o zabezpieczeniu spo\u0142ecznym,<\/h4>\n<h4>c) przebywaj\u0105cym na terytorium Rzeczypospolitej Polskiej na podstawie zezwolenia na pobyt czasowy udzielonego w zwi\u0105zku z okoliczno\u015bciami, o kt\u00f3rych mowa w art. 127 ustawy z dnia 12 grudnia 2013 r. o cudzoziemcach (Dz. U. z 2017 r. poz. 2206 i 2282 oraz z 2018 r. poz. 107, 138 i 771), je\u017celi zamieszkuj\u0105 z cz\u0142onkami rodzin na terytorium Rzeczypospolitej Polskiej,<\/h4>\n<h4>d) posiadaj\u0105cym kart\u0119 pobytu z adnotacj\u0105 \u201edost\u0119p do rynku pracy\u201d, je\u017celi zamieszkuj\u0105 z cz\u0142onkami rodzin na terytorium Rzeczypospolitej Polskiej, z wy\u0142\u0105czeniem obywateli pa\u0144stw trzecich, kt\u00f3rzy uzyskali zezwolenie na prac\u0119 na terytorium pa\u0144stwa cz\u0142onkowskiego na okres nieprzekraczaj\u0105cy sze\u015bciu miesi\u0119cy, obywateli pa\u0144stw trzecich przyj\u0119tych w celu podj\u0119cia studi\u00f3w lub pracy sezonowej oraz obywateli pa\u0144stw trzecich, kt\u00f3rzy maj\u0105 prawo do wykonywania pracy na podstawie wizy,<\/h4>\n<h4>e) przebywaj\u0105cym na terytorium Rzeczypospolitej Polskiej na podstawie:<\/h4>\n<h4 style=\"text-align: justify;\">\u2013 zezwolenia na pobyt czasowy, o kt\u00f3rym mowa w art. 139a ust. 1 lub art. 139o ust. 1 ustawy z dnia 12 grudnia 2013 r. o cudzoziemcach, lub<\/h4>\n<h4 style=\"text-align: justify;\">\u2013 dokumentu pobytowego, o kt\u00f3rym mowa w art. 1 ust. 2 lit. a rozporz\u0105dzenia Rady (WE) nr 1030\/2002 z dnia 13 czerwca 2002 r. ustanawiaj\u0105cego jednolity wz\u00f3r dokument\u00f3w pobytowych dla obywateli pa\u0144stw trzecich (Dz. Urz. UE L 157 z 15.06.2002, str. 1, z p\u00f3\u017an. zm.1) \u2013 Dz. Urz. UE Polskie wydanie specjalne, rozdz. 19,t. 6, str. 3, z p\u00f3\u017an. zm.), z adnotacj\u0105 \u201eICT\u201d, wydanego przez inne pa\u0144stwo cz\u0142onkowskie Unii Europejskiej, i gdy celem ich pobytu na terytorium Rzeczypospolitej Polskiej jest wykonywanie pracy w charakterze pracownika kadry kierowniczej, specjalisty lub pracownika odbywaj\u0105cego sta\u017c w ramach przeniesienia wewn\u0105trz przedsi\u0119biorstwa, o kt\u00f3rym mowa w art. 3 pkt 13b ustawy z dnia 12 grudnia 2013 r. o cudzoziemcach przez okres nieprzekraczaj\u0105cy 90 dni w okresie 180 dni<\/h4>\n<h4 style=\"text-align: justify;\">\u2013 je\u017celi zamieszkuj\u0105 z cz\u0142onkami rodzin na terytorium Rzeczypospolitej Polskiej, z wy\u0142\u0105czeniem cudzoziemc\u00f3w, kt\u00f3rym zezwolono na pobyt i prac\u0119 na terytorium Rzeczypospolitej Polskiej przez okres nieprzekraczaj\u0105cy dziewi\u0119ciu miesi\u0119cy, chyba \u017ce przepisy o koordynacji system\u00f3w zabezpieczenia spo\u0142ecznego lub dwustronne umowy mi\u0119dzynarodowe o zabezpieczeniu spo\u0142ecznym stanowi\u0105 inaczej.<\/h4>\n<h4 style=\"text-align: justify;\"><strong>\u015awiadczenie dobry start przys\u0142uguje:<\/strong><\/h4>\n<h4 style=\"text-align: justify;\">1) rodzicom, opiekunom faktycznym, opiekunom prawnym, rodzinom zast\u0119pczym, osobom prowadz\u0105cym rodzinne domy dziecka, dyrektorom plac\u00f3wek opieku\u0144czo-wychowawczych, dyrektorom regionalnych plac\u00f3wek opieku\u0144czo- terapeutycznych \u2013 raz w roku na dziecko;<\/h4>\n<h4 style=\"text-align: justify;\">2) osobom ucz\u0105cym si\u0119 \u2013 raz w roku.<\/h4>\n<h4 style=\"text-align: justify;\">\u015awiadczenie dobry start przys\u0142uguje w zwi\u0105zku z rozpocz\u0119ciem roku szkolnego do uko\u0144czenia:<\/h4>\n<h4 style=\"text-align: justify;\">1) przez dziecko lub osob\u0119 ucz\u0105c\u0105 si\u0119 20. roku \u017cycia;<\/h4>\n<h4 style=\"text-align: justify;\">2) przez dziecko lub osob\u0119 ucz\u0105c\u0105 si\u0119 24. roku \u017cycia \u2013 w przypadku dzieci lub os\u00f3b ucz\u0105cych si\u0119 legitymuj\u0105cych si\u0119 orzeczeniem o niepe\u0142nosprawno\u015bci.<\/h4>\n<h4 style=\"text-align: justify;\"><strong>\u015awiadczenie dobry start przys\u0142uguje tak\u017ce w przypadku:<\/strong><\/h4>\n<h4 style=\"text-align: justify;\">1) uko\u0144czenia 20. roku \u017cycia przez dziecko lub osob\u0119 ucz\u0105c\u0105 si\u0119 przed rozpocz\u0119ciem roku szkolnego w roku kalendarzowym, w kt\u00f3rym dziecko lub osoba ucz\u0105ca si\u0119 ko\u0144czy 20. rok \u017cycia;<\/h4>\n<h4 style=\"text-align: justify;\">2) uko\u0144czenia 24. roku \u017cycia przez dziecko lub osob\u0119 ucz\u0105c\u0105 si\u0119 przed rozpocz\u0119ciem roku szkolnego w roku kalendarzowym, w kt\u00f3rym dziecko lub osoba ucz\u0105ca si\u0119 ko\u0144czy 24. rok \u017cycia \u2013 w przypadku dzieci lub os\u00f3b ucz\u0105cych si\u0119 legitymuj\u0105cych si\u0119 orzeczeniem o niepe\u0142nosprawno\u015bci.<\/h4>\n<h4 style=\"text-align: justify;\">W przypadku dziecka bior\u0105cego udzia\u0142 w zaj\u0119ciach rewalidacyjno-wychowawczych, \u015bwiadczenie dobry start przys\u0142uguje nie wcze\u015bniej ni\u017c od roku kalendarzowego, w kt\u00f3rym dziecko ko\u0144czy 7. rok \u017cycia.<\/h4>\n<h4 style=\"text-align: justify;\">\u015awiadczenie dobry start przys\u0142uguje <strong>w wysoko\u015bci 300 z\u0142.<\/strong><\/h4>\n<h4 style=\"text-align: justify;\"><strong>\u015awiadczenie dobry start nie przys\u0142uguje:<\/strong><\/h4>\n<h4 style=\"text-align: justify;\">1) je\u017celi dziecko lub osoba ucz\u0105ca si\u0119 zosta\u0142y umieszczone w domu pomocy spo\u0142ecznej, schronisku dla nieletnich, zak\u0142adzie poprawczym, areszcie \u015bledczym, zak\u0142adzie karnym, szkole wojskowej lub innej szkole, je\u017celi instytucje te zapewniaj\u0105 nieodp\u0142atnie pe\u0142ne utrzymanie;<\/h4>\n<h4 style=\"text-align: justify;\">2) na dziecko z tytu\u0142u rozpocz\u0119cia rocznego przygotowania przedszkolnego.<\/h4>\n<h4 style=\"text-align: justify;\">Post\u0119powania w sprawie \u015bwiadczenia dobry start prowadzone s\u0105 w jednostce organizacyjnej gminy, w kt\u00f3rej prowadzone s\u0105 post\u0119powania w sprawie \u015bwiadczenia wychowawczego.<\/h4>\n","protected":false},"excerpt":{"rendered":"<p>\u015aWIADCZENIA RODZINNE \u00a0zgodnie z ustaw\u0105 o \u015bwiadczeniach rodzinnych z dnia 28 listopada 2003r.(Dz.U. z 2020r. poz. 111) \u00a0 \u00a0\u015awiadczenia rodzinne przys\u0142uguj\u0105: \u00a01) obywatelom polskim; 2) cudzoziemcom: a) do kt\u00f3rych stosuje si\u0119 przepisy o koordynacji system\u00f3w zabezpieczenia spo\u0142ecznego, b) je\u017celi wynika to z wi\u0105\u017c\u0105cych Rzeczpospolit\u0105 Polsk\u0105 um\u00f3w dwustronnych o zabezpieczeniu spo\u0142ecznym, c) przebywaj\u0105cym na terytorium Rzeczypospolitej [&hellip;]<\/p>\n","protected":false},"author":1,"featured_media":0,"parent":0,"menu_order":0,"comment_status":"closed","ping_status":"closed","template":"","meta":{"footnotes":""},"class_list":["post-22","page","type-page","status-publish","hentry"],"_links":{"self":[{"href":"https:\/\/gops.bejsce.eu\/gops\/index.php?rest_route=\/wp\/v2\/pages\/22","targetHints":{"allow":["GET"]}}],"collection":[{"href":"https:\/\/gops.bejsce.eu\/gops\/index.php?rest_route=\/wp\/v2\/pages"}],"about":[{"href":"https:\/\/gops.bejsce.eu\/gops\/index.php?rest_route=\/wp\/v2\/types\/page"}],"author":[{"embeddable":true,"href":"https:\/\/gops.bejsce.eu\/gops\/index.php?rest_route=\/wp\/v2\/users\/1"}],"replies":[{"embeddable":true,"href":"https:\/\/gops.bejsce.eu\/gops\/index.php?rest_route=%2Fwp%2Fv2%2Fcomments&post=22"}],"version-history":[{"count":1,"href":"https:\/\/gops.bejsce.eu\/gops\/index.php?rest_route=\/wp\/v2\/pages\/22\/revisions"}],"predecessor-version":[{"id":23,"href":"https:\/\/gops.bejsce.eu\/gops\/index.php?rest_route=\/wp\/v2\/pages\/22\/revisions\/23"}],"wp:attachment":[{"href":"https:\/\/gops.bejsce.eu\/gops\/index.php?rest_route=%2Fwp%2Fv2%2Fmedia&parent=22"}],"curies":[{"name":"wp","href":"https:\/\/api.w.org\/{rel}","templated":true}]}}