{"id":20,"date":"2023-01-19T14:27:32","date_gmt":"2023-01-19T13:27:32","guid":{"rendered":"http:\/\/wordpress2213679.home.pl\/gops1\/?page_id=20"},"modified":"2023-01-19T14:27:32","modified_gmt":"2023-01-19T13:27:32","slug":"pomoc-spoleczna","status":"publish","type":"page","link":"https:\/\/gops.bejsce.eu\/gops\/?page_id=20","title":{"rendered":"Pomoc spo\u0142eczna"},"content":{"rendered":"<h4 style=\"text-align: justify;\">POMOC SPO\u0141ECZNA<\/h4>\n<h4 style=\"text-align: justify;\">Pomoc spo\u0142eczna jest instytucj\u0105 polityki spo\u0142ecznej pa\u0144stwa, maj\u0105c\u0105 na celu umo\u017cliwienie osobom \u00a0i rodzinom przezwyci\u0119\u017cenie trudnych sytuacji \u017cyciowych, kt\u00f3rych nie s\u0105 one w stanie pokona\u0107, wykorzystuj\u0105c w\u0142asne uprawnienia, zasoby\u00a0 i mo\u017cliwo\u015bci.<br \/>\nPomoc spo\u0142eczna wspiera osoby i rodziny w wysi\u0142kach zmierzaj\u0105cych do zaspokojenia niezb\u0119dnych potrzeb i umo\u017cliwia im \u017cycie w warunkach odpowiadaj\u0105cych godno\u015bci cz\u0142owieka.<\/h4>\n<h4 style=\"text-align: justify;\"><strong>Prawo do \u015bwiadcze\u0144 <\/strong>z pomocy spo\u0142ecznej przys\u0142uguje:<br \/>\n&#8211; osobom posiadaj\u0105cym obywatelstwo polskie maj\u0105cym miejsce zamieszkania i przebywaj\u0105cym na terytorium Rzeczypospolitej Polskiej;<br \/>\n&#8211; cudzoziemcom maj\u0105cym miejsce zamieszkania i przebywaj\u0105cym na terytorium\u00a0 Rzeczypospolitej Polskiej.<br \/>\nPrawo do \u015bwiadcze\u0144 pieni\u0119\u017cnych z pomocy spo\u0142ecznej, przys\u0142uguje:<br \/>\n&#8211; osobie samotnie gospodaruj\u0105cej, kt\u00f3rej doch\u00f3d nie przekracza kwoty 701,00 z\u0142<br \/>\n&#8211; osobie w rodzinie, w kt\u00f3rej doch\u00f3d na osob\u0119 nie przekracza kwoty 528,00 z\u0142.<br \/>\n&#8211; rodzinie, kt\u00f3rej doch\u00f3d nie przekracza sumy kwot kryterium dochodowego na osob\u0119 w rodzinie <strong>\u2013 przy jednoczesnym wyst\u0105pieniu co najmniej jednego z powy\u017cszych powod\u00f3w przyznania pomocy.<\/strong><\/h4>\n<h4 style=\"text-align: justify;\">Za doch\u00f3d uwa\u017ca si\u0119 sum\u0119 miesi\u0119cznych przychod\u00f3w z miesi\u0105ca poprzedzaj\u0105cego z\u0142o\u017cenie wniosku lub w przypadku utraty dochodu z miesi\u0105ca, w kt\u00f3rym wniosek zosta\u0142 z\u0142o\u017cony, bez wzgl\u0119du na tytu\u0142 i \u017ar\u00f3d\u0142o ich uzyskania, je\u017celi ustawa nie stanowi inaczej) pomniejszon\u0105 o:<br \/>\n\u2022 miesi\u0119czne obci\u0105\u017cenie podatkiem dochodowym od os\u00f3b fizycznych,<br \/>\n\u2022 sk\u0142adki na ubezpieczenie zdrowotne okre\u015blone w przepisach o \u015bwiadczeniach opieki zdrowotnej finansowanych ze \u015brodk\u00f3w publicznych oraz ubezpieczenia spo\u0142eczne okre\u015blone w\u00a0odr\u0119bnych przepisach,<br \/>\n\u2022\u00a0 kwot\u0119 aliment\u00f3w \u015bwiadczonych na rzecz innych os\u00f3b.<\/h4>\n<p>&nbsp;<\/p>\n<p>Do dochodu ustalonego zgodnie z w\/w zasadami nie wlicza si\u0119:<br \/>\n\u2022 jednorazowego pieni\u0119\u017cnego \u015bwiadczenia socjalnego,<br \/>\n\u2022 zasi\u0142ku celowego,<br \/>\n\u2022 pomocy materialnej maj\u0105cej charakter socjalny albo motywacyjny, przyznawanej na \u00a0 podstawie przepis\u00f3w o systemie o\u015bwiaty,<br \/>\n\u2022 warto\u015bci \u015bwiadczenia w naturze,<br \/>\n\u2022 \u015bwiadczenia przys\u0142uguj\u0105cego osobie bezrobotnej na podstawie przepis\u00f3w o promocji zatrudnienia i instytucjach rynku pracy z tytu\u0142u wykonywania prac spo\u0142ecznie u\u017cytecznych,<br \/>\n\u2022 dochodu z powierzchni u\u017cytk\u00f3w rolnych poni\u017cej 1 ha przeliczeniowego<br \/>\n\u2022 \u015bwiadczenia pieni\u0119\u017cnego, o kt\u00f3rym mowa w ustawie z dnia 20 marca<br \/>\n2015 r. o dzia\u0142aczach opozycji antykomunistycznej oraz osobach represjonowanych\u00a0z powod\u00f3w politycznych<br \/>\n\u2022 \u015bwiadczenia wychowawczego, o kt\u00f3rym mowa w ustawie z dnia 11 lutego 2016 r. o pomocy \u00a0pa\u0144stwa w wychowywaniu dzieci, oraz dodatku wychowawczego, o kt\u00f3rym mowa w ustawie z dnia 9 czerwca 2011 r. o wspieraniu rodziny i systemie pieczy zast\u0119pczej\u00a0 \u00a0 \u00a0 \u00a0 \u00a0 \u00a0 \u00a0 \u00a0 \u00a0 \u00a0 \u2022 \u015bwiadczenia pieni\u0119\u017cnego, o kt\u00f3rym mowa w art. 8a ust. 1 ustawy z dnia 7 wrze\u015bnia 2007 r. o \u00a0Karcie Polaka.<br \/>\n\u2022\u00a0 \u015bwiadczenia pieni\u0119\u017cnego przyznawanego na podstawie art. 9 ustawy z dnia 22 listopada 2018 roku o grobach weteran\u00f3w walk o wolno\u015b\u0107 i niepodleg\u0142o\u015b\u0107 Polski.<br \/>\n\u2022\u00a0 nagrody specjalnej Prezesa Rady Ministr\u00f3w przyznawanej na podstawie art. 31a ustawy\u00a0z dnia 8 sierpnia 1996 roku o Radzie Ministr\u00f3w.<\/p>\n<h4 style=\"text-align: justify;\">W odniesieniu do os\u00f3b prowadz\u0105cych pozarolnicz\u0105 dzia\u0142alno\u015b\u0107 gospodarcz\u0105:<br \/>\n1) opodatkowan\u0105 podatkiem dochodowym od os\u00f3b fizycznych na zasadach okre\u015blonych w przepisach o podatku dochodowym od os\u00f3b fizycznych &#8211; za doch\u00f3d przyjmuje si\u0119 przych\u00f3d z tej dzia\u0142alno\u015bci pomniejszony o koszty uzyskania przychodu, obci\u0105\u017cenie podatkiem nale\u017cnym okre\u015blonym w przepisach o podatku dochodowym od os\u00f3b fizycznych i sk\u0142adkami na ubezpieczenie zdrowotne okre\u015blonymi w przepisach o \u015bwiadczeniach opieki zdrowotnej finansowanych ze \u015brodk\u00f3w publicznych, zwi\u0105zane z prowadzeniem tej dzia\u0142alno\u015bci oraz odliczonymi od dochodu sk\u0142adkami na ubezpieczenia spo\u0142eczne niezaliczonymi do koszt\u00f3w uzyskania przychod\u00f3w, okre\u015blonymi w odr\u0119bnych przepisach, z tym \u017ce doch\u00f3d ustala si\u0119, dziel\u0105c kwot\u0119 dochodu z dzia\u0142alno\u015bci gospodarczej wykazanego w zeznaniu podatkowym z\u0142o\u017conym za poprzedni rok kalendarzowy przez liczb\u0119 miesi\u0119cy, w kt\u00f3rych podatnik prowadzi\u0142 dzia\u0142alno\u015b\u0107, a je\u017celi nie prowadzi\u0142 dzia\u0142alno\u015bci, za doch\u00f3d przyjmuje si\u0119 kwot\u0119 zadeklarowan\u0105 w o\u015bwiadczeniu tej osoby.<\/h4>\n<h4 style=\"text-align: justify;\">2)\u00a0 W sytuacji gdy podatnik \u0142\u0105czy przychody z dzia\u0142alno\u015bci gospodarczej z innymi przychodami lub rozlicza si\u0119 wsp\u00f3lnie z ma\u0142\u017conkiem, przez podatek nale\u017cny, o kt\u00f3rym mowa w tym punkcie, rozumie si\u0119 podatek wyliczony w takiej proporcji, w jakiej pozostaje doch\u00f3d podatnika z pozarolniczej dzia\u0142alno\u015bci gospodarczej wynikaj\u0105cy z deklaracji podatkowych do sumy wszystkich wykazanych w nich dochod\u00f3w.<\/h4>\n<p>&nbsp;<\/p>\n<p>Wysoko\u015b\u0107 dochodu z pozarolniczej dzia\u0142alno\u015bci gospodarczej w przypadku prowadzenia dzia\u0142alno\u015bci opodatkowanej na zasadach okre\u015blonych w przepisach o podatku dochodowym od os\u00f3b fizycznych ustala si\u0119 na podstawie za\u015bwiadczenia wydanego przez naczelnika w\u0142a\u015bciwego urz\u0119du skarbowego, zawieraj\u0105cego informacj\u0119 o wysoko\u015bci:<br \/>\n&#8211; przychodu,<br \/>\n&#8211; koszt\u00f3w uzyskania przychodu,<br \/>\n&#8211; r\u00f3\u017cnicy pomi\u0119dzy przychodem a kosztami jego uzyskania,<br \/>\n&#8211; dochod\u00f3w z innych \u017ar\u00f3de\u0142 ni\u017c pozarolnicza dzia\u0142alno\u015b\u0107 gospodarcza,<br \/>\n&#8211; odliczonych od dochodu sk\u0142adek na ubezpieczenia spo\u0142eczne,<br \/>\n&#8211; nale\u017cnego podatku,<br \/>\n&#8211; odliczonych od podatku sk\u0142adek na ubezpieczenie zdrowotne zwi\u0105zanych z prowadzeniem pozarolniczej dzia\u0142alno\u015bci gospodarczej.<\/p>\n<p>Wysoko\u015b\u0107 dochodu z pozarolniczej dzia\u0142alno\u015bci gospodarczej w przypadku prowadzenia dzia\u0142alno\u015bci na zasadach okre\u015blonych w przepisach o zrycza\u0142towanym podatku dochodowym od niekt\u00f3rych przychod\u00f3w osi\u0105ganych przez osoby fizyczne ustala si\u0119 na podstawie za\u015bwiadczenia wydanego przez naczelnika w\u0142a\u015bciwego urz\u0119du skarbowego zawieraj\u0105cego informacj\u0119 o formie opodatkowania oraz na podstawie dowodu op\u0142acenia sk\u0142adek w Zak\u0142adzie Ubezpiecze\u0144 Spo\u0142ecznych.<\/p>\n<p>Przyjmuje si\u0119, \u017ce z 1 ha przeliczeniowego uzyskuje si\u0119 doch\u00f3d miesi\u0119czny w wysoko\u015bci:<br \/>\n&#8211; 308,00 z\u0142 (warto\u015b\u0107 obowi\u0105zuje od 1 pa\u017adziernika 2018 r.)<\/p>\n<p>Dochody z pozarolniczej dzia\u0142alno\u015bci gospodarczej i z ha przeliczeniowych oraz z innych \u017ar\u00f3de\u0142 sumuje si\u0119.<\/p>\n<p>W przypadku uzyskania w ci\u0105gu 12 miesi\u0119cy poprzedzaj\u0105cych miesi\u0105c z\u0142o\u017cenia wniosku lub w okresie pobierania \u015bwiadczenia z pomocy spo\u0142ecznej dochodu jednorazowego przekraczaj\u0105cego pi\u0119ciokrotnie kwoty:<br \/>\n\u2022 kryterium dochodowego osoby samotnie gospodaruj\u0105cej, w przypadku osoby samotnie gospodaruj\u0105cej,<br \/>\n\u2022 kryterium dochodowego rodziny, w przypadku osoby w rodzinie,kwot\u0119 tego dochodu rozlicza si\u0119 w r\u00f3wnych cz\u0119\u015bciach na 12 kolejnych miesi\u0119cy, poczynaj\u0105c od miesi\u0105ca, w kt\u00f3rym doch\u00f3d zosta\u0142 wyp\u0142acony.<\/p>\n<p>W przypadku uzyskania jednorazowo dochodu nale\u017cnego za dany okres, kwot\u0119 tego dochodu uwzgl\u0119dnia si\u0119 w dochodzie osoby lub rodziny przez okres, za kt\u00f3ry uzyskano ten doch\u00f3d.<\/p>\n<p>W przypadku uzyskiwania dochodu w walucie obcej, wysoko\u015b\u0107 tego dochodu ustala si\u0119 wed\u0142ug \u015bredniego kursu Narodowego Banku Polskiego z dnia wydania decyzji administracyjnej w sprawie \u015bwiadczenia z pomocy spo\u0142ecznej.<\/p>\n<h4 style=\"text-align: justify;\">\u015awiadczenia z pomocy spo\u0142ecznej s\u0105 udzielane na wniosek osoby zainteresowanej, \u00a0\u00a0jej przedstawiciela ustawowego albo innej osoby, za zgod\u0105 osoby zainteresowanej lub jej przedstawiciela ustawowego.<br \/>\nPomoc spo\u0142eczna mo\u017ce by\u0107 udzielana z urz\u0119du.<br \/>\nPrzyznanie \u015bwiadcze\u0144 z pomocy spo\u0142ecznej nast\u0119puje w formie decyzji administracyjnej. Udzielenie \u015bwiadcze\u0144 w postaci interwencji kryzysowej, pracy socjalnej,\u00a0 poradnictwa, uczestnictwa w zaj\u0119ciach klubu samopomocy, klubu samopomocy dla os\u00f3b z zaburzeniami psychicznymi, schronienia w formie ogrzewalni i noclegowni, sprawienie pogrzebu, a tak\u017ce przyznanie biletu kredytowanego nie wymaga wydania decyzji administracyjnej.<br \/>\n\u015awiadczenia pieni\u0119\u017cne z pomocy spo\u0142ecznej przyznaje si\u0119 i wyp\u0142aca za okres miesi\u0105ca kalendarzowego, pocz\u0105wszy od miesi\u0105ca, w kt\u00f3rym zosta\u0142 z\u0142o\u017cony wniosek wraz z wymagan\u0105 dokumentacj\u0105, z zastrze\u017ceniem ust. 7-11. W przypadku gdy uprawnienie do \u015bwiadczenia nie obejmuje pe\u0142nego miesi\u0105ca, \u015bwiadczenie przyznaje si\u0119 za niepe\u0142ny miesi\u0105c, a kwot\u0119 \u015bwiadczenia ustala si\u0119, dziel\u0105c pe\u0142ne kwoty przez liczb\u0119 dni kalendarzowych tego miesi\u0105ca i mno\u017c\u0105c przez liczb\u0119 dni obj\u0119tych \u015bwiadczeniem.<br \/>\nDecyzj\u0119 administracyjn\u0105 o przyznaniu lub odmowie przyznania \u015bwiadczenia, z wyj\u0105tkiem decyzji o odmowie przyznania biletu kredytowanego oraz decyzji w sprawach cudzoziemc\u00f3w, o kt\u00f3rych mowa w art. 5a, wydaje si\u0119 po przeprowadzeniu rodzinnego wywiadu \u015brodowiskowego.<\/h4>\n<h4 style=\"text-align: justify;\">Od decyzji przys\u0142uguje odwo\u0142anie do Samorz\u0105dowego Kolegium Odwo\u0142awczego w Kielcach za po\u015brednictwem Gminnego O\u015brodka Pomocy Spo\u0142ecznej w Bejscach w terminie 14 dni od daty jej otrzymania.<\/h4>\n<h4 style=\"text-align: justify;\"><strong>Pomocy spo\u0142ecznej udziela si\u0119 osobom i rodzinom w szczeg\u00f3lno\u015bci z powodu:<\/strong><br \/>\n\u2022\u00a0\u00a0\u00a0 ub\u00f3stwa;<br \/>\n\u2022\u00a0\u00a0\u00a0 sieroctwa;<br \/>\n\u2022\u00a0\u00a0\u00a0 bezdomno\u015bci;<br \/>\n\u2022\u00a0\u00a0\u00a0 bezrobocia;<br \/>\n\u2022\u00a0\u00a0\u00a0 niepe\u0142nosprawno\u015bci;<br \/>\n\u2022\u00a0\u00a0\u00a0 d\u0142ugotrwa\u0142ej lub ci\u0119\u017ckiej choroby;<br \/>\n\u2022\u00a0\u00a0\u00a0 przemocy w rodzinie;<br \/>\n\u2022\u00a0\u00a0\u00a0 potrzeby ochrony ofiar handlu lud\u017ami;<br \/>\n\u2022\u00a0\u00a0\u00a0 potrzeby ochrony macierzy\u0144stwa lub wielodzietno\u015bci;<br \/>\n\u2022\u00a0\u00a0\u00a0 bezradno\u015bci w sprawach opieku\u0144czo-wychowawczych i prowadzenia gospodarstwa domowego, zw\u0142aszcza w rodzinach niepe\u0142nych lub wielodzietnych;<br \/>\n\u2022\u00a0\u00a0\u00a0 trudno\u015bci w integracji cudzoziemc\u00f3w, kt\u00f3rzy uzyskali w Rzeczypospolitej Polskiej status uchod\u017acy, ochron\u0119 uzupe\u0142niaj\u0105c\u0105 lub zezwolenie na pobyt czasowy udzielone w zwi\u0105zku z okoliczno\u015bci\u0105, o kt\u00f3rej mowa w art. 159 ust. 1 pkt 1 lit. c lub d ustawy z dnia 12 grudnia\u00a0 \u00a0 \u00a02013 r. o cudzoziemcach;<br \/>\n\u2022\u00a0\u00a0\u00a0 trudno\u015bci w przystosowaniu do \u017cycia po zwolnieniu z zak\u0142adu karnego;<br \/>\n\u2022\u00a0\u00a0\u00a0 alkoholizmu lub narkomanii;<br \/>\n\u2022\u00a0\u00a0\u00a0 zdarzenia losowego i sytuacji kryzysowej;<br \/>\n\u2022\u00a0\u00a0\u00a0 kl\u0119ski \u017cywio\u0142owej lub ekologicznej.<\/h4>\n<h4 style=\"text-align: justify;\">W<strong>sparcie z pomocy spo\u0142ecznej mo\u017ce by\u0107 udzielane w formie pieni\u0119\u017cnej oraz niepieni\u0119\u017cnej.<\/strong><br \/>\n<strong>\u015awiadczenia pieni\u0119\u017cne<\/strong><br \/>\n1.\u00a0\u00a0\u00a0 zasi\u0142ek sta\u0142y,<br \/>\n2.\u00a0\u00a0\u00a0 zasi\u0142ek okresowy,<br \/>\n3.\u00a0\u00a0\u00a0 zasi\u0142ek celowy i specjalny zasi\u0142ek celowy,<br \/>\n4.\u00a0\u00a0\u00a0 zasi\u0142ek i po\u017cyczka na ekonomiczne usamodzielnienie,<\/h4>\n<h4>5. pomoc na usamodzielnienie oraz na kontynuowanie nauki,<\/h4>\n<h4>6. \u015bwiadczenie pieni\u0119\u017cne na utrzymanie i pokrycie wydatk\u00f3w zwi\u0105zanych z nauk\u0105 j\u0119zyka polskiego dla cudzoziemc\u00f3w, kt\u00f3rzy uzyskali w Rzeczypospolitej Polskiej status \u00a0uchod\u017acy, ochron\u0119 uzupe\u0142niaj\u0105c\u0105 lub zezwolenie na pobyt czasowy,<\/h4>\n<h4>7.\u00a0\u00a0\u00a0 wynagrodzenie nale\u017cne opiekunowi z tytu\u0142u sprawowania opieki przyznane przez s\u0105d.<\/h4>\n<h4><\/h4>\n<h4><strong>\u015awiadczenia niepieni\u0119\u017cne<\/strong><\/h4>\n<h4>1.\u00a0\u00a0\u00a0 praca socjalna,<\/h4>\n<h4>2.\u00a0\u00a0\u00a0 bilet kredytowany,<\/h4>\n<h4>3.\u00a0\u00a0\u00a0 sk\u0142adki na ubezpieczenie zdrowotne,<\/h4>\n<h4>4.\u00a0\u00a0\u00a0 sk\u0142adki na ubezpieczenie spo\u0142eczne,<\/h4>\n<h4>5. pomoc rzeczowa, w tym na ekonomiczne usamodzielnienie,<\/h4>\n<h4>6.\u00a0\u00a0\u00a0 sprawienie pogrzebu,<\/h4>\n<h4>7.\u00a0\u00a0\u00a0 poradnictwo specjalistyczne,<\/h4>\n<h4>8.\u00a0\u00a0\u00a0 interwencja kryzysowa,<\/h4>\n<h4>9.\u00a0\u00a0\u00a0 schronienie,<\/h4>\n<h4>10.\u00a0 posi\u0142ek,<\/h4>\n<h4>11.\u00a0 niezb\u0119dne ubranie,<\/h4>\n<h4>12.\u00a0 us\u0142ugi opieku\u0144cze w miejscu zamieszkania, w o\u015brodkach wsparcia oraz w rodzinnych domach pomocy,<\/h4>\n<h4>13.\u00a0 specjalistyczne us\u0142ugi opieku\u0144cze w miejscu zamieszkania oraz w o\u015brodkach wsparcia,<\/h4>\n<h4>14.\u00a0 mieszkanie chronione,<\/h4>\n<h4>15.\u00a0 pobyt i us\u0142ugi w domach pomocy spo\u0142ecznej,<\/h4>\n<h4>16.\u00a0 pomoc w uzyskaniu odpowiednich warunk\u00f3w mieszkaniowych, w tym w mieszkaniu<\/h4>\n<h4>\u00a0\u00a0\u00a0\u00a0\u00a0\u00a0 chronionym, pomoc w uzyskaniu zatrudnienia, pomoc na zagospodarowanie \u2013 w formie<\/h4>\n<h4>\u00a0\u00a0\u00a0\u00a0\u00a0\u00a0 rzeczowej dla os\u00f3b usamodzielnianych<\/h4>\n<h4 style=\"text-align: justify;\"><\/h4>\n<h4 style=\"text-align: justify;\"><strong>FORMY POMOCY SPO\u0141ECZNEJ<\/strong><\/h4>\n<h4 style=\"text-align: justify;\"><strong>Zasi\u0142ek sta\u0142y przys\u0142uguje<\/strong>:<br \/>\n&#8211;\u00a0 pe\u0142noletniej osobie samotnie gospodaruj\u0105cej, niezdolnej do pracy z powodu wieku lub ca\u0142kowicie niezdolnej do pracy, je\u017celi jej doch\u00f3d jest ni\u017cszy od kryterium dochodowego osoby samotnie gospodaruj\u0105cej;<br \/>\n&#8211; pe\u0142noletniej osobie pozostaj\u0105cej w rodzinie, niezdolnej do pracy z powodu wieku lub ca\u0142kowicie niezdolnej do pracy, je\u017celi jej doch\u00f3d, jak r\u00f3wnie\u017c doch\u00f3d na osob\u0119 w rodzinie s\u0105 ni\u017csze od kryterium dochodowego na osob\u0119 w rodzinie.<br \/>\nZasi\u0142ek sta\u0142y ustala si\u0119 w wysoko\u015bci:<br \/>\n&#8211; w przypadku osoby samotnie gospodaruj\u0105cej \u2013 r\u00f3\u017cnicy mi\u0119dzy kryterium dochodowym osoby samotnie gospodaruj\u0105cej a dochodem tej osoby, z tym \u017ce kwota zasi\u0142ku nie mo\u017ce by\u0107 wy\u017csza ni\u017c 645 z\u0142 miesi\u0119cznie<br \/>\n&#8211; w przypadku osoby w rodzinie \u2013 r\u00f3\u017cnicy mi\u0119dzy kryterium dochodowym na osob\u0119 w rodzinie a dochodem na osob\u0119 w rodzinie.<br \/>\nKwota zasi\u0142ku sta\u0142ego nie mo\u017ce by\u0107 ni\u017csza ni\u017c 30 z\u0142 miesi\u0119cznie.<\/h4>\n<h4 style=\"text-align: justify;\">W przypadku zbiegu uprawnie\u0144 do zasi\u0142ku sta\u0142ego i renty socjalnej, \u015bwiadczenia piel\u0119gnacyjnego, specjalnego zasi\u0142ku opieku\u0144czego, dodatku z tytu\u0142u samotnego wychowywania dziecka i utraty prawa do zasi\u0142ku dla bezrobotnych na skutek up\u0142ywu ustawowego okresu jego pobierania lub zasi\u0142ku dla opiekuna, zasi\u0142ek sta\u0142y nie przys\u0142uguje.<\/h4>\n<h4 style=\"text-align: justify;\"><strong>Zasi\u0142ek okresowy przys\u0142uguje:<\/strong><br \/>\n&#8211; w szczeg\u00f3lno\u015bci ze wzgl\u0119du na d\u0142ugotrwa\u0142\u0105 chorob\u0119, niepe\u0142nosprawno\u015b\u0107, bezrobocie, mo\u017cliwo\u015b\u0107 utrzymania lub nabycia uprawnie\u0144 do \u015bwiadcze\u0144 z innych system\u00f3w zabezpieczenia spo\u0142ecznego;<br \/>\n&#8211; osobie samotnie gospodaruj\u0105cej, kt\u00f3rej doch\u00f3d jest ni\u017cszy od kryterium dochodowego osoby samotnie gospodaruj\u0105cej;<br \/>\n&#8211; rodzinie, kt\u00f3rej doch\u00f3d jest ni\u017cszy od kryterium dochodowego rodziny.<\/h4>\n<h4 style=\"text-align: justify;\">Zasi\u0142ek okresowy ustala si\u0119:<br \/>\n&#8211; w przypadku osoby samotnie gospodaruj\u0105cej \u2013 do wysoko\u015bci r\u00f3\u017cnicy mi\u0119dzy kryterium dochodowym osoby samotnie gospodaruj\u0105cej a dochodem tej osoby, z tym \u017ce kwota zasi\u0142ku nie mo\u017ce by\u0107 wy\u017csza ni\u017c 418 z\u0142 miesi\u0119cznie;<br \/>\n&#8211; w przypadku rodziny \u2013 do wysoko\u015bci r\u00f3\u017cnicy mi\u0119dzy kryterium dochodowym rodziny a dochodem tej rodziny.<br \/>\nKwota zasi\u0142ku okresowego nie mo\u017ce by\u0107 ni\u017csza ni\u017c 50% r\u00f3\u017cnicy mi\u0119dzy:<br \/>\n&#8211; kryterium dochodowym osoby samotnie gospodaruj\u0105cej a dochodem tej osoby;<br \/>\n&#8211; kryterium dochodowym rodziny a dochodem tej rodziny.<\/h4>\n<h4 style=\"text-align: justify;\">Kwota zasi\u0142ku okresowego nie mo\u017ce by\u0107 ni\u017csza ni\u017c 20 z\u0142 miesi\u0119cznie.<\/h4>\n<h4 style=\"text-align: justify;\">Okres, na jaki jest przyznawany zasi\u0142ek okresowy, ustala o\u015brodek pomocy spo\u0142ecznej na podstawie okoliczno\u015bci sprawy.<\/h4>\n<h4 style=\"text-align: justify;\"><strong>Zasi\u0142ek celowy: <\/strong><\/h4>\n<h4 style=\"text-align: justify;\">Mo\u017ce by\u0107 przyznany w szczeg\u00f3lno\u015bci na pokrycie cz\u0119\u015bci lub ca\u0142o\u015bci koszt\u00f3w zakupu \u017cywno\u015bci, lek\u00f3w i leczenia, opa\u0142u, odzie\u017cy, niezb\u0119dnych przedmiot\u00f3w u\u017cytku domowego, drobnych remont\u00f3w i napraw w mieszkaniu, a tak\u017ce koszt\u00f3w pogrzebu. Osobom bezdomnym i innym osobom niemaj\u0105cym dochodu oraz mo\u017cliwo\u015bci uzyskania \u015bwiadcze\u0144\u00a0 na podstawie przepis\u00f3w o \u015bwiadczeniach opieki zdrowotnej finansowanych ze \u015brodk\u00f3w publicznych mo\u017ce by\u0107 przyznany zasi\u0142ek celowy na pokrycie cz\u0119\u015bci lub ca\u0142o\u015bci wydatk\u00f3w na \u015bwiadczenia zdrowotne. Zasi\u0142ek celowy mo\u017ce by\u0107 przyznany w formie biletu kredytowanego.<\/h4>\n<h4 style=\"text-align: justify;\">Zasi\u0142ek celowy mo\u017ce by\u0107 r\u00f3wnie\u017c przyznany w celu realizacji postanowie\u0144 kontraktu socjalnego.<\/h4>\n<h4 style=\"text-align: justify;\">Zasi\u0142ek celowy mo\u017ce by\u0107 przyznany r\u00f3wnie\u017c osobie albo rodzinie, kt\u00f3re ponios\u0142y straty w wyniku zdarzenia losowego. Mo\u017ce by\u0107 r\u00f3wnie\u017c przyznany osobie albo rodzinie, kt\u00f3re ponios\u0142y straty w wyniku kl\u0119ski \u017cywio\u0142owej lub ekologicznej. Zasi\u0142ek celowy, o kt\u00f3rym mowa w ust. 1 i 2, mo\u017ce by\u0107 przyznany niezale\u017cnie od dochodu i mo\u017ce nie podlega\u0107 zwrotowi.<\/h4>\n<h4 style=\"text-align: justify;\">W szczeg\u00f3lnie uzasadnionych przypadkach osobie albo rodzinie o dochodach przekraczaj\u0105cych kryterium dochodowe mo\u017ce by\u0107 przyznany: <strong>specjalny zasi\u0142ek celowy<\/strong> w wysoko\u015bci nieprzekraczaj\u0105cej odpowiednio kryterium dochodowego osoby samotnie gospodaruj\u0105cej lub rodziny, kt\u00f3ry nie podlega zwrotowi.<\/h4>\n<h4 style=\"text-align: justify;\"><\/h4>\n","protected":false},"excerpt":{"rendered":"<p>POMOC SPO\u0141ECZNA Pomoc spo\u0142eczna jest instytucj\u0105 polityki spo\u0142ecznej pa\u0144stwa, maj\u0105c\u0105 na celu umo\u017cliwienie osobom \u00a0i rodzinom przezwyci\u0119\u017cenie trudnych sytuacji \u017cyciowych, kt\u00f3rych nie s\u0105 one w stanie pokona\u0107, wykorzystuj\u0105c w\u0142asne uprawnienia, zasoby\u00a0 i mo\u017cliwo\u015bci. Pomoc spo\u0142eczna wspiera osoby i rodziny w wysi\u0142kach zmierzaj\u0105cych do zaspokojenia niezb\u0119dnych potrzeb i umo\u017cliwia im \u017cycie w warunkach odpowiadaj\u0105cych godno\u015bci cz\u0142owieka. [&hellip;]<\/p>\n","protected":false},"author":1,"featured_media":0,"parent":0,"menu_order":0,"comment_status":"closed","ping_status":"closed","template":"","meta":{"footnotes":""},"class_list":["post-20","page","type-page","status-publish","hentry"],"_links":{"self":[{"href":"https:\/\/gops.bejsce.eu\/gops\/index.php?rest_route=\/wp\/v2\/pages\/20","targetHints":{"allow":["GET"]}}],"collection":[{"href":"https:\/\/gops.bejsce.eu\/gops\/index.php?rest_route=\/wp\/v2\/pages"}],"about":[{"href":"https:\/\/gops.bejsce.eu\/gops\/index.php?rest_route=\/wp\/v2\/types\/page"}],"author":[{"embeddable":true,"href":"https:\/\/gops.bejsce.eu\/gops\/index.php?rest_route=\/wp\/v2\/users\/1"}],"replies":[{"embeddable":true,"href":"https:\/\/gops.bejsce.eu\/gops\/index.php?rest_route=%2Fwp%2Fv2%2Fcomments&post=20"}],"version-history":[{"count":1,"href":"https:\/\/gops.bejsce.eu\/gops\/index.php?rest_route=\/wp\/v2\/pages\/20\/revisions"}],"predecessor-version":[{"id":21,"href":"https:\/\/gops.bejsce.eu\/gops\/index.php?rest_route=\/wp\/v2\/pages\/20\/revisions\/21"}],"wp:attachment":[{"href":"https:\/\/gops.bejsce.eu\/gops\/index.php?rest_route=%2Fwp%2Fv2%2Fmedia&parent=20"}],"curies":[{"name":"wp","href":"https:\/\/api.w.org\/{rel}","templated":true}]}}