{"id":12,"date":"2023-01-19T14:25:04","date_gmt":"2023-01-19T13:25:04","guid":{"rendered":"http:\/\/wordpress2213679.home.pl\/gops1\/?page_id=12"},"modified":"2026-02-18T13:17:54","modified_gmt":"2026-02-18T12:17:54","slug":"deklaracja-dostepnosci","status":"publish","type":"page","link":"https:\/\/gops.bejsce.eu\/gops\/?page_id=12","title":{"rendered":"DEKLARACJA DOST\u0118PNO\u015aCI"},"content":{"rendered":"<h1>Deklaracja dost\u0119pno\u015bci<\/h1>\n<section id=\"a11y-wstep\"><span id=\"a11y-podmiot\">Gminny O\u015brodek Pomocy Spo\u0142ecznej w Bejscach<\/span> zobowi\u0105zuje si\u0119 zapewni\u0107 dost\u0119pno\u015b\u0107 swojej <span id=\"a11y-zakres\">strony internetowej<\/span> zgodnie z ustaw\u0105 z dnia 4 kwietnia 2019 r. o dost\u0119pno\u015bci cyfrowej stron internetowych i aplikacji mobilnych podmiot\u00f3w publicznych.<\/p>\n<p>Deklaracja dost\u0119pno\u015bci dotyczy strony <a id=\"a11y-url\" href=\"https:\/\/gops.bejsce.eu\/gops\/\">https:\/\/gops.bejsce.eu\/gops\/<\/a>.<\/p>\n<\/section>\n<p>Data publikacji strony internetowej: <time id=\"a11y-data-publikacja\" datetime=\"2023-01-19\">19 stycznia 2023 r. <\/time>Data ostatniej istotnej aktualizacji: <time id=\"a11y-data-aktualizacja\" datetime=\"2026-02-16\"> 16 lutego 2026 r.<\/time><\/p>\n<h2>Stan dost\u0119pno\u015bci cyfrowej<\/h2>\n<p id=\"a11y-status\">Ta strona internetowa jest niezgodna z za\u0142\u0105cznikiem do ustawy o dost\u0119pno\u015bci cyfrowej z dnia 4 kwietnia 2019 r. o dost\u0119pno\u015bci cyfrowej stron internetowych i aplikacji mobilnych podmiot\u00f3w publicznych z powodu niezgodno\u015bci i wy\u0142\u0105cze\u0144 wymienionych poni\u017cej.<\/p>\n<h2>Niedost\u0119pne tre\u015bci<\/h2>\n<h3>Niezgodno\u015b\u0107 z za\u0142\u0105cznikiem<\/h3>\n<ul>\n<li>Na stronie znajduj\u0105 si\u0119 istotne elementy, kt\u00f3re nie mog\u0105 by\u0107 obs\u0142u\u017cone wy\u0142\u0105cznie za pomoc\u0105 klawiatury.<\/li>\n<li><a href=\"https:\/\/gops.bejsce.eu\/gops\/\">Na stronie nie zapewniono alternatywy dla tre\u015bci nietekstowej.<\/a><\/li>\n<li><a href=\"https:\/\/gops.bejsce.eu\/gops\/?page_id=22\">Nie zastosowano odpowiednich znacznik\u00f3w semantycznych, aby struktura tre\u015bci by\u0142a jasna i logiczna. <\/a><\/li>\n<li><a href=\"https:\/\/gops.bejsce.eu\/gops\">Elementy nawigacyjne polegaj\u0105 na w\u0142a\u015bciwo\u015bciach zmys\u0142owych. <\/a><\/li>\n<li><a href=\"https:\/\/gops.bejsce.eu\/gops\/?page_id=43\">Cel ka\u017cdego pola w formularzu nie jest programowo poprawnie okre\u015blony. <\/a><\/li>\n<li><a href=\"https:\/\/gops.bejsce.eu\/gops\/?page_id=43\">Nie zapewniono innego dost\u0119pu do informacji przekazywanych przez r\u00f3\u017cnice w kolorze. <\/a><\/li>\n<li><a href=\" https:\/\/gops.bejsce.eu\/gops\/?page_id=43\">Nie spe\u0142niono wymaga\u0144 minimalnego kontrastu pomi\u0119dzy tekstem a t\u0142em. <\/a><\/li>\n<li><a href=\"https:\/\/gops.bejsce.eu\/gops\/?p=346\">Strona u\u017cywa grafik aby przedstawi\u0107 tekst. <\/a><\/li>\n<li><a href=\" https:\/\/gops.bejsce.eu\/gops\/?p=350\">Na stronie internetowej nie zawarto celu link\u00f3w w kontek\u015bcie. <\/a><\/li>\n<li><a href=\"https:\/\/gops.bejsce.eu\/gops\">Brak widocznego fokusu aktualnie zaznaczonych element\u00f3w. <\/a><\/li>\n<\/ul>\n<h3>Tre\u015bci nieobj\u0119te przepisami<\/h3>\n<ul>\n<li>Mapy s\u0105 wy\u0142\u0105czone z obowi\u0105zku zapewniania dost\u0119pno\u015bci.<\/li>\n<li>Niekt\u00f3re materia\u0142y niedost\u0119pne cyfrowo zosta\u0142y wytworzone przez inne podmioty. Je\u015bli potrzebujesz, kt\u00f3rego\u015b z nich w formie dost\u0119pnej, skontaktuj si\u0119 z nami i wska\u017c, o kt\u00f3ry dokument chodzi.<\/li>\n<\/ul>\n<h2>Przygotowanie deklaracji dost\u0119pno\u015bci i jej aktualizacja<\/h2>\n<ul>\n<li>Data sporz\u0105dzenia deklaracji: <time id=\"a11y-data-sporzadzenie\" datetime=\"2020-10-26\">26 pa\u017adziernika 2020 roku.<\/time><\/li>\n<li>Data ostatniego przegl\u0105du deklaracji: <time id=\"a11y-dataprzeglad\" datetime=\"2026-02-17\">17 lutego 2026 roku.<\/time><\/li>\n<\/ul>\n<p>Deklaracj\u0119 sporz\u0105dzili\u015bmy na podstawie badania przeprowadzonego przez CBI24 Sp. z o.o. Wyniki badania przedstawia <a href=\" https:\/\/cbi24.pl\/ds\/streszczenie-nzg.pdf \">Streszczenie raportu z audytu (95 kb, PDF)<\/a>.<\/p>\n<h2>Informacje zwrotne i dane kontaktowe<\/h2>\n<p>Wszystkie problemy z dost\u0119pno\u015bci\u0105 cyfrow\u0105 tej strony internetowej mo\u017cesz zg\u0142osi\u0107 do <span id=\"a11y-kontakt\"> Aleksandra Grudzie\u0144 <\/span> \u2014 mejlowo <a id=\"a11y-email\" href=\"mailto:a.grudzien@bejsce.eu\"> a.grudzien@bejsce.eu<\/a> lub telefonicznie <a id=\"a11y-telefon\" href=\"tel:+48413511010\"> 41 35 11 010 wew. 38<\/a>.<\/p>\n<p>Ka\u017cdy ma prawo wyst\u0105pi\u0107 z \u017c\u0105daniem zapewnienia dost\u0119pno\u015bci cyfrowej tej strony internetowej lub jej element\u00f3w.<\/p>\n<p>Zg\u0142aszaj\u0105c takie \u017c\u0105danie podaj:<\/p>\n<ul>\n<li>swoje imi\u0119 i nazwisko,<\/li>\n<li>swoje dane kontaktowe (np. numer telefonu, e-mail),<\/li>\n<li>dok\u0142adny adres strony internetowej, na kt\u00f3rej jest niedost\u0119pny cyfrowo element lub tre\u015b\u0107,<\/li>\n<li>opis na czym polega problem i jaki spos\u00f3b jego rozwi\u0105zania by\u0142by dla Ciebie najwygodniejszy.<\/li>\n<\/ul>\n<p>Na Twoje zg\u0142oszenie odpowiemy najszybciej jak to mo\u017cliwe, nie p\u00f3\u017aniej ni\u017c w ci\u0105gu 7 dni od jego otrzymania.<\/p>\n<p>Je\u017celi ten termin b\u0119dzie dla nas zbyt kr\u00f3tki poinformujemy Ci\u0119 o tym. W tej informacji podamy nowy termin, do kt\u00f3rego poprawimy zg\u0142oszone przez Ciebie b\u0142\u0119dy lub przygotujemy<br \/>\ninformacje w alternatywny spos\u00f3b. Ten nowy termin nie b\u0119dzie d\u0142u\u017cszy ni\u017c 2 miesi\u0105ce.<\/p>\n<p>Je\u017celi nie b\u0119dziemy w stanie zapewni\u0107 dost\u0119pno\u015bci cyfrowej strony internetowej lub tre\u015bci, wskazanej w Twoim \u017c\u0105daniu, zaproponujemy Ci dost\u0119p do nich w alternatywny spos\u00f3b.<\/p>\n<section id=\"a11y-procedura\">\n<h3>Obs\u0142uga wniosk\u00f3w i skarg zwi\u0105zanych z dost\u0119pno\u015bci\u0105<\/h3>\n<p>Je\u017celi w odpowiedzi na Tw\u00f3j wniosek o zapewnienie dost\u0119pno\u015bci cyfrowej, odm\u00f3wimy zapewnienia \u017c\u0105danej przez Ciebie dost\u0119pno\u015bci cyfrowej, a Ty nie zgadzasz si\u0119 z t\u0105 odmow\u0105, masz prawo z\u0142o\u017cy\u0107 skarg\u0119.<\/p>\n<p>Skarg\u0119 masz prawo z\u0142o\u017cy\u0107 tak\u017ce, je\u015bli nie zgadzasz si\u0119 na skorzystanie z alternatywnego sposobu dost\u0119pu, kt\u00f3ry zaproponowali\u015bmy Ci w odpowiedzi na Tw\u00f3j wniosek o zapewnienie dost\u0119pno\u015bci cyfrowej.<\/p>\n<p>Ewentualn\u0105 skarg\u0119 z\u0142\u00f3\u017c listownie lub mailem do kierownictwa naszego urz\u0119du:<\/p>\n<ul>\n<li>Gminny O\u015brodek Pomocy Spo\u0142ecznej w Bejscach,<\/li>\n<li>Bejsce 252, 28-512 Bejsce,<\/li>\n<li>mejl: <a href=\"mailto:gops@bejsce.eu\"> gops@bejsce.eu<\/a>.<\/li>\n<\/ul>\n<p><a href=\"https:\/\/www.gov.pl\/web\/gov\/zloz-wniosek-o-zapewnieniedostepnosci-cyfrowej-strony-internetowej-lub-aplikacji-mobilnej\">Pomocne mog\u0105 by\u0107 informacje, kt\u00f3re mo\u017cna znale\u017a\u0107 na rz\u0105dowym portalu gov.pl<\/a>.<\/p>\n<p>Mo\u017cesz tak\u017ce poinformowa\u0107 o tej sytuacji <a href=\"https:\/\/bip.brpo.gov.pl\/\"> Rzecznika Praw Obywatelskich<\/a> i poprosi\u0107 o interwencj\u0119 w Twojej sprawie.<\/p>\n<\/section>\n<h2>Pozosta\u0142e informacje<\/h2>\n<section id=\"a11y-architektura\">\n<h3>Dost\u0119pno\u015b\u0107 architektoniczna<\/h3>\n<h4>Gminny O\u015brodek Pomocy Spo\u0142ecznej w Bejscach, Bejsce 252, 28-512 Bejsce<\/h4>\n<p>Osoby na w\u00f3zku mog\u0105 wjecha\u0107 do budynku.<\/p>\n<p>Drzwi i \u015bciany szklane nie s\u0105 oznaczone kontrastow\u0105 ta\u015bm\u0105.<\/p>\n<p>Schody wyposa\u017cone s\u0105 w por\u0119cze.<\/p>\n<p>Stopnie schod\u00f3w s\u0105 oznaczone kontrastowymi pasami.<\/p>\n<p>Przyciski w windzie nie s\u0105 oznaczone alfabetem brajla.<\/p>\n<p>Winda jest wyposa\u017cona w komunikaty g\u0142osowe.<\/p>\n<p>Jest toaleta dla os\u00f3b z niepe\u0142nosprawno\u015bciami.<\/p>\n<p>Jest parking dla os\u00f3b z niepe\u0142nosprawno\u015bciami.<\/p>\n<p>Brak tyflomap.<\/p>\n<p>Pomieszczenia w budynku nie s\u0105 oznaczone tabliczkami z wypuk\u0142ymi cyframi i alfabetem brajla.<\/p>\n<p>Brak d\u017awi\u0119kowego systemu nawigacji dla os\u00f3b niewidomych.<\/p>\n<p>Jest mo\u017cliwo\u015b\u0107 wst\u0119pu z psem asystuj\u0105cym.<\/p>\n<p>Dane kontaktowe koordynatora dost\u0119pno\u015bci podmiotu publicznego: Mariola Noco\u0144, 41 35 11 010<\/p>\n<\/section>\n<section id=\"a11y-komunikacja\">\n<h3>Dost\u0119pno\u015b\u0107 komunikacyjno-informacyjna<\/h3>\n<p>Brak mo\u017cliwo\u015bci skorzystania z t\u0142umacza j\u0119zyka migowego. Mo\u017cna zam\u00f3wi\u0107 t\u0142umacza j\u0119zyka migowego &#8211; 1-2 dni robocze od daty zg\u0142oszenia.<\/p>\n<p>W budynku nie ma p\u0119tli indukcyjnych.<\/p>\n<\/section>\n","protected":false},"excerpt":{"rendered":"<p>Deklaracja dost\u0119pno\u015bci Gminny O\u015brodek Pomocy Spo\u0142ecznej w Bejscach zobowi\u0105zuje si\u0119 zapewni\u0107 dost\u0119pno\u015b\u0107 swojej strony internetowej zgodnie z ustaw\u0105 z dnia 4 kwietnia 2019 r. o dost\u0119pno\u015bci cyfrowej stron internetowych i aplikacji mobilnych podmiot\u00f3w publicznych. Deklaracja dost\u0119pno\u015bci dotyczy strony https:\/\/gops.bejsce.eu\/gops\/. Data publikacji strony internetowej: 19 stycznia 2023 r. Data ostatniej istotnej aktualizacji: 16 lutego 2026 r. [&hellip;]<\/p>\n","protected":false},"author":1,"featured_media":0,"parent":0,"menu_order":0,"comment_status":"closed","ping_status":"closed","template":"","meta":{"footnotes":""},"class_list":["post-12","page","type-page","status-publish","hentry"],"_links":{"self":[{"href":"https:\/\/gops.bejsce.eu\/gops\/index.php?rest_route=\/wp\/v2\/pages\/12","targetHints":{"allow":["GET"]}}],"collection":[{"href":"https:\/\/gops.bejsce.eu\/gops\/index.php?rest_route=\/wp\/v2\/pages"}],"about":[{"href":"https:\/\/gops.bejsce.eu\/gops\/index.php?rest_route=\/wp\/v2\/types\/page"}],"author":[{"embeddable":true,"href":"https:\/\/gops.bejsce.eu\/gops\/index.php?rest_route=\/wp\/v2\/users\/1"}],"replies":[{"embeddable":true,"href":"https:\/\/gops.bejsce.eu\/gops\/index.php?rest_route=%2Fwp%2Fv2%2Fcomments&post=12"}],"version-history":[{"count":8,"href":"https:\/\/gops.bejsce.eu\/gops\/index.php?rest_route=\/wp\/v2\/pages\/12\/revisions"}],"predecessor-version":[{"id":360,"href":"https:\/\/gops.bejsce.eu\/gops\/index.php?rest_route=\/wp\/v2\/pages\/12\/revisions\/360"}],"wp:attachment":[{"href":"https:\/\/gops.bejsce.eu\/gops\/index.php?rest_route=%2Fwp%2Fv2%2Fmedia&parent=12"}],"curies":[{"name":"wp","href":"https:\/\/api.w.org\/{rel}","templated":true}]}}